{"id":7139,"date":"2025-06-27T19:15:30","date_gmt":"2025-06-27T17:15:30","guid":{"rendered":"https:\/\/www.bag-healthcare.com\/?page_id=7139"},"modified":"2025-12-12T08:49:11","modified_gmt":"2025-12-12T07:49:11","slug":"datenschutzerklaerung","status":"publish","type":"page","link":"https:\/\/www.bag-healthcare.com\/de\/datenschutzerklaerung\/","title":{"rendered":"Datenschutzerkl\u00e4rung"},"content":{"rendered":"<div class=\"fusion-fullwidth fullwidth-box fusion-builder-row-1 fusion-flex-container nonhundred-percent-fullwidth non-hundred-percent-height-scrolling\" style=\"--awb-border-radius-top-left:0px;--awb-border-radius-top-right:0px;--awb-border-radius-bottom-right:0px;--awb-border-radius-bottom-left:0px;--awb-flex-wrap:wrap;\" ><div class=\"fusion-builder-row fusion-row fusion-flex-align-items-flex-start fusion-flex-content-wrap\" style=\"max-width:1248px;margin-left: calc(-4% \/ 2 );margin-right: calc(-4% \/ 2 );\"><div class=\"fusion-layout-column fusion_builder_column fusion-builder-column-0 fusion_builder_column_1_1 1_1 fusion-flex-column\" style=\"--awb-bg-size:cover;--awb-width-large:100%;--awb-spacing-right-large:1.92%;--awb-margin-bottom-large:0px;--awb-spacing-left-large:1.92%;--awb-width-medium:100%;--awb-order-medium:0;--awb-spacing-right-medium:1.92%;--awb-spacing-left-medium:1.92%;--awb-width-small:100%;--awb-order-small:0;--awb-spacing-right-small:1.92%;--awb-spacing-left-small:1.92%;\"><div class=\"fusion-column-wrapper fusion-column-has-shadow fusion-flex-justify-content-flex-start fusion-content-layout-column\"><div class=\"fusion-text fusion-text-1\"><h1 class=\"ce_headline first\" style=\"font-size: 30px;\" data-fusion-font=\"true\">Datenschutzerkl\u00e4rung<\/h1>\n<div class=\"ce_text first block\">\n<h2 style=\"font-size: 30px;\" data-fusion-font=\"true\">INFORMATION ZUR EU-DATENSCHUTZ-GRUNDVERORDNUNG<\/h2>\n<p>Datenschutz-Information gem. EU-Datenschutz-Grundverordnung &#8211; Stand: 09\/2024.<\/p>\n<p><strong>Allgemeines<\/strong><\/p>\n<p>Nachfolgende Bestimmungen dienen Ihrer Information \u00fcber die Verarbeitung personenbezogener Daten gem\u00e4\u00df den Anforderungen der Datenschutzgrundverordnung (DSGVO).<br \/>\nInsbesondere unter Ber\u00fccksichtigung der Informationspflichten nach Art. 12 bis 14 DSGVO, sowie zur Aufkl\u00e4rung \u00fcber die nach der DSGVO bestehenden Betroffenenrechte gem\u00e4\u00df den Art. 15 bis 22 und Art. 34 DSGVO.<\/p>\n<p><strong>Hinweise zur verantwortlichen Stelle<\/strong><\/p>\n<p>Diese Datenschutzerkl\u00e4rung gilt f\u00fcr folgende Unternehmen:<\/p>\n<p><strong>BAG Holding GmbH<\/strong>, E-Mail: <a class=\"email\" href=\"mailto:info@bag-holding.com\">info@bag-holding.com<\/a>, Tel.: +49 (0) 6404 \/ 925 -100<\/p>\n<p><strong>BAG Health Care GmbH<\/strong>, E-Mail: <a class=\"email\" href=\"mailto:info@bag-healthcare.com\">info@bag-healthcare.com<\/a>, Tel.: +49 (0) 6404 \/ 925 -250<\/p>\n<p><strong>BAG Diagnostics GmbH<\/strong>, E-Mail: <a class=\"email\" href=\"mailto:info@bag-diagnostics.com\">info@bag-diagnostics.com<\/a>, Tel.: +49 (0) 6404 \/ 925 -100<\/p>\n<p>Postanschrift f\u00fcr alle Unternehmen:<\/p>\n<p>Amtsgerichtsstra\u00dfe 1-5<br \/>\n35423 Lich<\/p>\n<p>Weitere Informationen \u00fcber die Unternehmen Sie im jeweiligen Impressum.<\/p>\n<p>Jedes Unternehmen ist eigener Verantwortlicher im Sinn der DSGVO f\u00fcr den Webauftritt, den jeweiligen Betrieb von Social-Media-Plattformen und die Verarbeitung von Kunden- und Lieferantendaten.<\/p>\n<p>Das Bewerbermanagement, die Personalverwaltung und die Video\u00fcberwachung werden zentral als Shared Service durch die BAG Holding GmbH im Rahmen einer gemeinsamen Verantwortung gem. Art 26 DSGVO erbracht.<\/p>\n<p>Bei Fragen zum Datenschutz wenden Sie sich bitte per E-Mail an <a class=\"email\" href=\"mailto:datenschutz@bag-holding.com\">datenschutz@bag-holding.com<\/a>, telefonisch an +49 (0) 6404 \/ 925 -100, oder postalisch an die BAG Holding GmbH unter oben angegebener Adresse.<\/p>\n<p>Wir haben f\u00fcr die Unternehmensgruppe als gemeinsamen Datenschutzbeauftragten die Firma daschug GmbH in Darmstadt bestellt.<br \/>\nSie erreichen unseren Datenschutzbeauftragten per E-Mail an <a class=\"email\" href=\"mailto:datenschutz@bag-holding.com\">datenschutz@bag-holding.com<\/a>, unter der Telefonnummer 06151 \/ 62 90 62 0 oder postalisch unter daschug GmbH, Robert Bosch Str. 7, 64293 Darmstadt<\/p>\n<p>Wir verarbeiten Ihre personenbezogenen Daten im Einklang mit den jeweils anwendbaren gesetzlichen Datenschutzanforderungen zu den je Gruppe von Betroffenen nachfolgend aufgef\u00fchrten Zwecken:<\/p>\n<ul>\n<li><a title=\"Springen Sie zum Inhalt\" href=\"https:\/\/www.bag-diagnostics.com\/datenschutz.html#webseiten-besucher\">Datenschutzerkl\u00e4rung f\u00fcr Webseiten-Besucher<\/a><\/li>\n<li><a title=\"Springe zum Inhalt\" href=\"https:\/\/www.bag-diagnostics.com\/datenschutz.html#soziale-medien\">Datenschutzerkl\u00e4rung f\u00fcr Social-Media-Pr\u00e4senzen<\/a><\/li>\n<li><a title=\"Springe zum Inhalt\" href=\"https:\/\/www.bag-diagnostics.com\/datenschutz.html#kunden\">Datenschutzerkl\u00e4rung f\u00fcr Kunden<\/a> (inkl. Interessenten) und sonstigen Betroffenen<\/li>\n<li><a title=\"Springe zum Inhalt\" href=\"https:\/\/www.bag-healthcare.com\/#bewerber\">Datenschutzerkl\u00e4rung f\u00fcr Bewerber<\/a><\/li>\n<li><a title=\"Springe zum Inhalt\" href=\"https:\/\/www.bag-healthcare.com\/#mitarbeiter\">Datenschutzerkl\u00e4rung f\u00fcr Mitarbeiter<\/a><\/li>\n<li><a title=\"Springe zum Inhalt\" href=\"https:\/\/www.bag-healthcare.com\/#videoueberwachung\">Datenschutzerkl\u00e4rung f\u00fcr Video\u00fcberwachung<\/a><\/li>\n<li><a title=\"Springe zum Inhalt\" href=\"https:\/\/www.bag-healthcare.com\/#whistleblowing\">Datenschutzerkl\u00e4rung f\u00fcr Whistleblowing<\/a><\/li>\n<\/ul>\n<p><strong>Einsatz von Dienstleistern<\/strong><\/p>\n<p>Einzelne der vorgenannten Prozesse oder Serviceleistungen werden durch sorgf\u00e4ltig ausgew\u00e4hlte und beauftragte Dienstleister ausgef\u00fchrt. Wir \u00fcbermitteln oder erhalten personenbezogene Daten dieser Dienstleister einzig auf Grundlage eines Verarbeitungsvertrags. Liegt der Sitz eines Dienstleisters au\u00dferhalb der Europ\u00e4ischen Union oder des Europ\u00e4ischen Wirtschaftsraums, findet eine Drittland-\u00dcbermittlung statt. Mit diesen Dienstleistern werden den gesetzlichen Anforderungen entsprechende Datenschutzvereinbarungen zur Herstellung eines angemessenen Datenschutzniveaus vertraglich festgelegt und entsprechende Garantien vereinbart.<\/p>\n<p><strong>Hinweise auf Ihre Rechte<\/strong><\/p>\n<p>Sie haben das Recht,<\/p>\n<ul>\n<li>von uns eine Best\u00e4tigung dar\u00fcber zu verlangen, ob Sie betreffende personenbezogene Daten von uns verarbeitet werden;<br \/>\nist dies der Fall, so haben Sie ein Recht auf Auskunft \u00fcber diese personenbezogenen Daten und auf die in Art. 15 DSGVO im Einzelnen aufgef\u00fchrten Informationen.<\/li>\n<li>die Herausgabe der Sie betreffenden Daten in den Restriktionen des Art. 20 DSGVO in einem g\u00e4ngigen elektronischen, maschinenlesbaren Datenformat zu verlangen. Dies beinhaltet auch die Herausgabe (soweit m\u00f6glich) an einen anderen, direkt von Ihnen benannten, Verantwortlichen.<\/li>\n<li>von uns die Berichtigung Ihrer Daten zu verlangen, sofern diese unrichtig, unzutreffend und\/oder unvollst\u00e4ndig sind. Berichtigung umfasst auch die Vervollst\u00e4ndigung durch Erkl\u00e4rungen oder Mitteilung.<\/li>\n<li>von uns zu verlangen, dass Sie betreffende personenbezogene Daten unverz\u00fcglich gel\u00f6scht werden,<br \/>\nsofern einer der in Art. 17 DSGVO im Einzelnen aufgef\u00fchrten Gr\u00fcnde zutrifft.<br \/>\nDaten, die einer gesetzlichen Aufbewahrungsfrist unterliegen d\u00fcrfen wir leider nicht l\u00f6schen.<br \/>\nSofern Sie m\u00f6chten, dass wir Sie nicht mehr per Newsletter oder auf anderem Wege kontaktieren, speichern wir Ihre diesbez\u00fcglichen Kontaktdaten auf einer Sperrliste.<\/li>\n<li>jede von Ihnen gegebene Einwilligung mit Wirkung f\u00fcr die Zukunft zu widerrufen, ohne dass Ihnen daraus Nachteile entstehen.<\/li>\n<li>von uns die Einschr\u00e4nkung der Verarbeitung zu verlangen, wenn eine der in Art. 18 DSGVO aufgef\u00fchrten Voraussetzungen gegeben ist.<\/li>\n<li>aus Gr\u00fcnden, die sich aus Ihrer ganz besonderen Situation ergeben, jederzeit gegen die Verarbeitung Sie betreffender personenbezogener Daten Widerspruch einzulegen.<br \/>\nWir verarbeiten die personenbezogenen Daten dann nicht mehr, es sei denn, wir k\u00f6nnen zwingende schutzw\u00fcrdige Gr\u00fcnde nachweisen, die Ihre Interessen, Rechte und Freiheiten \u00fcberwiegen,<br \/>\noder die Verarbeitung dient der Geltendmachung, Aus\u00fcbung oder Verteidigung von Rechtsanspr\u00fcchen (Art. 21 DSGVO).<\/li>\n<li>sich unbeschadet eines anderweitigen verwaltungsrechtlichen oder gerichtlichen Rechtsbehelfs bedienen und wenn Sie der Ansicht sind, dass die Verarbeitung der sie betreffenden personenbezogenen Daten gegen die DSGVO verst\u00f6\u00dft, zu beschweren bei\n<ul>\n<li>unserem Datenschutzbeauftragten: <a class=\"email\" href=\"mailto:datenschutz@bag-holding.com\">datenschutz@bag-holding.com<\/a> oder auf dem Postweg (s. Impressum)<\/li>\n<li>einer Aufsichtsbeh\u00f6rde in dem Mitgliedstaat ihres Aufenthaltsorts, ihres Arbeitsplatzes oder des Orts des mutma\u00dflichen Versto\u00dfes geltend machen.<\/li>\n<\/ul>\n<\/li>\n<\/ul>\n<p><strong>L\u00f6schung Ihrer Daten<\/strong><\/p>\n<p>Sofern nicht in den detaillierteren Datenschutzerkl\u00e4rungen abweichend geregelt, l\u00f6schen wir Ihre personenbezogenen Daten, wenn das Vertragsverh\u00e4ltnis mit Ihnen beendet ist, Sie von Ihrem Recht auf L\u00f6schung Gebrauch gemacht haben, s\u00e4mtliche gegenseitige Anspr\u00fcche erf\u00fcllt sind und keine anderweitigen gesetzlichen Aufbewahrungspflichten oder gesetzliche Rechtfertigungsgrundlagen f\u00fcr die Speicherung bestehen. Handelsrechtliche Aufbewahrungsfristen f\u00fcr finanzrelevante Daten betragen in der Regel bis zu 10 Jahre. Fernen k\u00f6nnen wir Daten so lange aufbewahren, wie es n\u00f6tig ist, um uns vor Anspr\u00fcchen, die gegen uns geltend gemacht werden k\u00f6nnten, zu sch\u00fctzen. Diese Fristen k\u00f6nnen bis zu 30 Jahre betragen.<\/p>\n<p><strong>Definitionen<\/strong><\/p>\n<p>Im Sinne dieser allgemeinen Informationen f\u00fcr Besch\u00e4ftigte bezeichnet der Ausdruck:<\/p>\n<ol>\n<li><em>Personenbezogene Daten &#8211;<\/em> alle Informationen, die sich auf eine identifizierte oder identifizierbare nat\u00fcrliche Person beziehen; als identifizierbar wird eine nat\u00fcrliche Person angesehen, die direkt oder indirekt, insbesondere mittels Zuordnung zu einer Kennung wie einem Namen, zu einer Kennnummer, zu Standortdaten, zu einer Online-Kennung oder zu einem oder mehreren besonderen Merkmalen identifiziert werden kann, die Ausdruck der physischen, physiologischen, genetischen, psychischen, wirtschaftlichen, kulturellen oder sozialen Identit\u00e4t dieser nat\u00fcrlichen Person sind. Beispiele sind Kontaktdaten, Kommunikationsdaten, Abrechnungsdaten.<\/li>\n<li><em>Verantwortlicher<\/em> &#8211; die nat\u00fcrliche oder juristische Person, Beh\u00f6rde, Einrichtung oder andere Stelle, die allein oder gemeinsam mit anderen \u00fcber die Zwecke und Mittel der Verarbeitung von personenbezogenen Daten entscheidet; sind die Zwecke und Mittel dieser Verarbeitung durch das Unionsrecht oder das Recht der Mitgliedstaaten vorgegeben, so k\u00f6nnen der Verantwortliche beziehungsweise die bestimmten Kriterien seiner Benennung nach dem Unionsrecht oder dem Recht der Mitgliedstaaten vorgesehen werden.<\/li>\n<li><em>Auftragsverarbeiter &#8211;<\/em> eine nat\u00fcrliche oder juristische Person, Beh\u00f6rde, Einrichtung oder andere Stelle, die personenbezogene Daten im Auftrag des Verantwortlichen verarbeitet.<\/li>\n<li><em>Empf\u00e4nger<\/em> &#8211; eine nat\u00fcrliche oder juristische Person, Beh\u00f6rde, Einrichtung oder andere Stelle, denen personenbezogene Daten offengelegt werden, unabh\u00e4ngig davon, ob es sich bei ihr um einen Dritten handelt oder nicht.<\/li>\n<li><em>Besch\u00e4ftigte<\/em> &#8211; Arbeitnehmer\/innen, einschlie\u00dflich der Leiharbeitnehmer\/innen im Verh\u00e4ltnis zum Entleiher, zu Ihrer Berufsbildung Besch\u00e4ftigte, Teilnehmer\/innen an Leistungen zur Teilhabe am Arbeitsleben sowie an Abkl\u00e4rungen der beruflichen Eignung oder Arbeitserprobung (Rehabilitandinnen und Rehabilitanden), in anerkannten Werkst\u00e4tten f\u00fcr behinderte Menschen Besch\u00e4ftigte, Freiwillige, die einen Dienst nach dem Jugendfreiwilligendienstgesetz oder dem Bundesfreiwilligendienstgesetz leisten, Personen, die wegen ihrer wirtschaftlichen Unselbst\u00e4ndigkeit als arbeitnehmer\u00e4hnliche Personen anzusehen sind. Zu diesen geh\u00f6ren auch die in Heimarbeit Besch\u00e4ftigten und die ihnen Gleichgestellten, Beamtinnen und Beamte des Bundes, Richterinnen und Richter des Bundes, Soldatinnen und Soldaten sowie Zivildienstleistende. Sowie Bewerber\/innen auf ein Besch\u00e4ftigungsverh\u00e4ltnis sowie Personen, deren Besch\u00e4ftigungsverh\u00e4ltnis beendet ist.<\/li>\n<li><em>Dritter &#8211; <\/em>eine nat\u00fcrliche oder juristische Person, Beh\u00f6rde, Einrichtung oder andere Stelle, au\u00dfer der betroffenen Person, dem Verantwortlichen, dem Auftragsverarbeiter und den Personen, die unter der unmittelbaren Verantwortung des Verantwortlichen oder des Auftragsverarbeiters befugt sind, die personenbezogenen Daten zu verarbeiten.<\/li>\n<li><em>Profiling &#8211; <\/em>jede Art der automatisierten Verarbeitung personenbezogener Daten, die darin besteht, dass diese personenbezogenen Daten verwendet werden, um bestimmte pers\u00f6nliche Aspekte, die sich auf eine nat\u00fcrliche Person beziehen, zu bewerten. Insbesondere um Aspekte bez\u00fcglich Arbeitsleistung, wirtschaftliche Lage, Gesundheit, pers\u00f6nliche Vorlieben, Interessen, Zuverl\u00e4ssigkeit, Verhalten, Aufenthaltsort oder Ortswechsel dieser nat\u00fcrlichen Person zu analysieren oder vorherzusagen.<\/li>\n<li><em>Einschr\u00e4nkung der Verarbeitung &#8211;<\/em> die Markierung gespeicherter personenbezogener Daten mit dem Ziel, Ihre k\u00fcnftige Verarbeitung einzuschr\u00e4nken.<\/li>\n<\/ol>\n<p><strong>\u00c4nderungen der Datenschutzerkl\u00e4rung<\/strong><\/p>\n<p>Wir behalten uns das Recht vor, unsere Datenschutzerkl\u00e4rung bei Bedarf zu \u00e4ndern und an dieser Stelle zu ver\u00f6ffentlichen. Bitte pr\u00fcfen Sie regelm\u00e4\u00dfig diese Seite. Die aktualisierte Erkl\u00e4rung tritt vorbehaltlich der geltenden Rechtsvorschriften mit Ver\u00f6ffentlichung in Kraft. Sollten wir bereits Daten \u00fcber Sie erfasst haben, die von der \u00c4nderung betroffen sind und\/oder einer gesetzlichen Informationspflicht unterliegen, werden wir Sie zus\u00e4tzlich \u00fcber wesentliche \u00c4nderungen unserer Datenschutzerkl\u00e4rung informieren.<\/p>\n<\/div>\n<div id=\"webseiten-besucher\" class=\"ce_text block\">\n<h2 style=\"font-size: 30px;\" data-fusion-font=\"true\">DATENSCHUTZERKL\u00c4RUNG F\u00dcR WEBSEITEN-BESUCHER<\/h2>\n<p><strong>Anwendungsbereich<\/strong><\/p>\n<p>Diese Datenschutzerkl\u00e4rung findet Anwendung f\u00fcr alle Seiten der BAG Unternehmensgruppe, die auf diese Erkl\u00e4rung verlinken.<\/p>\n<p>Dazu geh\u00f6ren die Unternehmens-Webseiten <a href=\"https:\/\/www.bag-group.com\/\">https:\/\/www.bag-group.com\/<\/a>, <a href=\"https:\/\/www.bag-healthcare.com\/de\/\">https:\/\/www.bag-healthcare.com\/<\/a> und <a href=\"https:\/\/www.bag-diagnostics.com\/\">https:\/\/www.bag-diagnostics.com\/<\/a>, aber auch andere produkt- oder projektbezogene Webauftritte.<br \/>\nAngaben zur verantwortlichen Stelle und Ihren Rechten sind in unserer \u00fcbergreifenden Datenschutzerkl\u00e4rung zu finden.<\/p>\n<p><strong>Zweck der Datenerhebung<\/strong><\/p>\n<p>Zweck der Datenerhebung ist die Optimierung der Webseite, die Fehleranalyse, der individuelle Zuschnitt auf Ihre Bed\u00fcrfnisse, das Angebot der Kontaktaufnahme sowie ggf. der Verkauf von Waren und Dienstleistungen.<\/p>\n<p><strong>Allgemeines zur Datenverarbeitung<\/strong><\/p>\n<p>Wir erheben und verwenden personenbezogene Daten unserer Nutzer grunds\u00e4tzlich nur, soweit dies zur Bereitstellung einer funktionsf\u00e4higen Webseite sowie unserer Inhalte und Leistungen erforderlich ist oder in dem Ma\u00dfe, in dem Sie als Nutzer uns diese durch freiwillige Eingabe zur Verf\u00fcgung stellen. Die Erhebung und Verwendung personenbezogener Daten durch Sie als Nutzer erfolgt regelm\u00e4\u00dfig nur nach Einwilligung oder zur Begr\u00fcndung und Durchf\u00fchrung eines Rechtsgesch\u00e4ftes. Eine Ausnahme gilt in solchen F\u00e4llen, in denen eine vorherige Einholung einer Einwilligung aus tats\u00e4chlichen Gr\u00fcnden nicht m\u00f6glich oder unverh\u00e4ltnism\u00e4\u00dfig ist und die Verarbeitung der Daten durch eine andere gesetzliche Vorschrift gestattet ist.<\/p>\n<p><strong>Rechtsgrundlagen f\u00fcr die Verarbeitung Ihrer Daten:<\/strong><\/p>\n<ul>\n<li>Soweit wir f\u00fcr Verarbeitungsvorg\u00e4nge personenbezogener Daten eine Einwilligung der betroffenen Person einholen, dient Art. 6 Abs. 1 lit. a EU-Datenschutzgrundverordnung (DSGVO) als Rechtsgrundlage.<\/li>\n<li>Bei der Verarbeitung von personenbezogenen Daten, die zur Erf\u00fcllung eines Vertrages, dessen Vertragspartei die betroffene Person ist, erforderlich ist, dient Art. 6 Abs. 1 lit. b DSGVO als Rechtsgrundlage. Dies gilt auch f\u00fcr Verarbeitungsvorg\u00e4nge, die zur Durchf\u00fchrung vorvertraglicher Ma\u00dfnahmen erforderlich sind.<\/li>\n<li>Ist die Verarbeitung zur Wahrung eines berechtigten Interesses unseres Unternehmens oder eines Dritten erforderlich und \u00fcberwiegen die Interessen, Grundrechte und Grundfreiheiten des Betroffenen das erstgenannte Interesse nicht, so dient Art. 6 Abs. 1 lit. f DSGVO als Rechtsgrundlage f\u00fcr die Verarbeitung.<\/li>\n<\/ul>\n<p><strong>Berechtigte Interessen k\u00f6nnen insbesondere sein:<\/strong><\/p>\n<ul>\n<li>die Beantwortung von Anfragen;<\/li>\n<li>die Durchf\u00fchrung von Direktmarketingma\u00dfnahmen;<\/li>\n<li>die Bereitstellung von Diensten und\/oder Informationen, die f\u00fcr Sie bestimmt sind;<\/li>\n<li>die Verarbeitung und \u00dcbertragung von personenbezogenen Daten f\u00fcr interne bzw. administrative Zwecke;<\/li>\n<li>den Betrieb und die Verwaltung unserer Webseite;<\/li>\n<li>den technischen Support der Nutzer;<\/li>\n<li>die Vermeidung und Aufdeckung von Betrugsf\u00e4llen und Straftaten;<\/li>\n<li>der Schutz gegen Zahlungsausf\u00e4lle bei Einholung von Bonit\u00e4tsausk\u00fcnften bei Anfragen zu Lieferungen und Leistungen; und\/oder<\/li>\n<li>die Gew\u00e4hrleistung der Netzwerk- und Datensicherheit, soweit diese Interessen jeweils mit dem geltenden Recht und mit den Rechten und der Freiheit des Nutzers im Einklang stehen;<\/li>\n<li>die Erzielung von Effizienz-Gewinnen durch B\u00fcndelung von Leistungen in einzelnen Konzern-Gesellschaften (insbesondere Marketing, IT, Beschaffung)<\/li>\n<\/ul>\n<p><strong>Kategorien von Empf\u00e4ngern<\/strong><\/p>\n<ul>\n<li>Dienstleister zur Optimierung der Webseiten, Online-Marketing-Dienstleister und -Tools, Dienstleistungsunternehmen f\u00fcr Informations- und Kommunikationstechnik, Unternehmen f\u00fcr Software- und Ger\u00e4tewartung, z.T. im Folgenden n\u00e4her beschrieben<\/li>\n<li>Social Networks und Communities<\/li>\n<li>interne Empf\u00e4nger nach dem &#8222;need to know&#8220;-Prinzip<\/li>\n<\/ul>\n<p><strong>Nutzungsdaten\/Server-Logfiles<\/strong><\/p>\n<p>Bei jedem Aufruf unserer Internetseiten erfassen unsere Systeme automatisiert Daten und Informationen vom Computersystem des aufrufenden Rechners.<\/p>\n<p>Folgende Datenarten werden hierbei erhoben: Browsertyp, verwendete Version, Betriebssystem des Nutzers, Hostname, Internet-Service Provider, IP-Adresse des Nutzers, Datum und Uhrzeit des Abrufs, Webseiten, von denen das System des Nutzers auf unsere Webseite gelangt ist oder auf die der Nutzer von unserer Webseite aus gelangt.<\/p>\n<p>Rechtsgrundlage f\u00fcr die vor\u00fcbergehende Speicherung der Daten und der Logfiles ist Art. 6 Abs. 1 lit. f DSGVO mit den o.g. berechtigten Interessen.<\/p>\n<p>Die vor\u00fcbergehende Speicherung der IP-Adresse durch das System ist notwendig, um eine Auslieferung der Webseite an den Rechner des Nutzers zu erm\u00f6glichen. Hierf\u00fcr muss die IP-Adresse des Nutzers f\u00fcr die Dauer der Sitzung gespeichert bleiben.<\/p>\n<p>Die Speicherung in Logfiles erfolgt, um die Funktionsf\u00e4higkeit der Webseite sicherzustellen. Zudem dienen uns die Daten zur Optimierung der Webseite und zur Sicherstellung der Sicherheit unserer informationstechnischen Systeme. Eine Auswertung der Daten zu Marketingzwecken findet in diesem Zusammenhang nicht statt. In diesen Zwecken liegt auch unser berechtigtes Interesse an der Datenverarbeitung. Die Daten werden gel\u00f6scht, sobald sie f\u00fcr die Erreichung des Zwecks ihrer Erhebung nicht mehr erforderlich sind. Im Falle der Erfassung der Daten zur Bereitstellung der Website ist dies der Fall, wenn die jeweilige Sitzung beendet ist. Wir behalten uns ferner vor, die Dateien zu \u00fcberpr\u00fcfen, wenn aufgrund konkreter Anhaltspunkte der berechtigte Verdacht einer rechtswidrigen Nutzung oder eines konkreten Angriffs auf die Seiten besteht. In dem Fall ist unser berechtigtes Interesse die Verarbeitung zum Zwecke der Aufkl\u00e4rung und strafrechtlichen Verfolgung solcher Angriffe und rechtswidrigen Nutzungen.<\/p>\n<p><strong>Verwendung von Cookies<\/strong><\/p>\n<p>Wir setzen Cookies ein. Bei Cookies handelt es sich um Textdateien, die beim Besuch einer Webseite im Internetbrowser bzw. vom Internetbrowser auf dem Computersystem des Nutzers gespeichert und wieder abgerufen werden k\u00f6nnen. Cookies k\u00f6nnen eine charakteristische Zeichenfolge enthalten, die eine eindeutige Identifizierung des Browsers beim erneuten Aufrufen der Website oder eines darin eingebundenen Dienstes erm\u00f6glicht. Wir setzen Cookies ein, um den Betrieb unserer Webseite zu erm\u00f6glichen (technisch notwendige Cookies), unsere Website nutzerfreundlicher zu gestalten (funktionale Cookies), sowie f\u00fcr Marketing und Werbezwecke (Advertising-Cookies).<\/p>\n<p>Technische Cookies: Einige Elemente unserer Internetseite erfordern es, dass der aufrufende Browser auch nach einem Seitenwechsel identifiziert werden kann. Der Zweck der Verwendung ist, die Funktion der Webseite \u00fcberhaupt erst zu erm\u00f6glichen. Beispiele f\u00fcr technisch notwendige Cookies sind die Zurverf\u00fcgungstellung eines Warenkorbs oder die Anmeldung als registrierter Nutzer. Die Verarbeitung erfolgt daher auf Basis von Art. 6 Abs. 1 lit. b bzw. f DSGVO.<\/p>\n<p>Funktionale Cookies: Es gibt m\u00f6glicherweise Funktionen, die nicht zwingend technisch notwendig sind f\u00fcr den Betrieb unserer Webseite, die Nutzung aber erheblich vereinfachen, wie z.B. die \u00dcbernahme von Spracheinstellungen oder Schriftgr\u00f6\u00dfen, das Merken von Suchbegriffen, etc.. Die Verarbeitung erfolgt ebenfalls auf Basis von Art. 6 Abs. 1 lit. b bzw. f DSGVO.<\/p>\n<p>Advertising-Cookies: Wir verwenden auf einigen unserer Webseiten dar\u00fcber hinaus Cookies, die eine Analyse des Surfverhaltens der Nutzer erm\u00f6glichen. Auf diese Weise werden z. B.: bei Suchmaschinen eingegebene Suchbegriffe, H\u00e4ufigkeit von Seitenaufrufen, Inanspruchnahme von Webseite-Funktionen, und Informationen \u00fcber Betriebssystem und Browser etc. \u00fcbermittelt. Die auf diese Weise erhobenen Daten der Nutzer werden durch technische Vorkehrungen pseudonymisiert. Daher ist eine Zuordnung der Daten zum aufrufenden Nutzer nicht mehr m\u00f6glich. Die Daten werden nicht gemeinsam mit sonstigen personenbezogenen Daten der Nutzer gespeichert. Die Rechtsgrundlage f\u00fcr die Verarbeitung personenbezogener Daten unter Verwendung von Cookies zu Analysezwecken ist bei Vorliegen einer diesbez\u00fcglichen Einwilligung des Nutzers &#8211; z.B. durch Auswahl in einem Cookie-Opt-In-Banner &#8211; Art. 6 Abs. 1 lit. a DSGVO, ansonsten Art. 6 Abs. 1 lit. f DSGVO i.V.m. EG 47. Sofern Drittanbieter-Dienste eingebunden werden richtet sich die Verarbeitung durch diese nach deren jeweiligen Datenschutzbestimmungen, die weiter unten erw\u00e4hnt und\/oder verlinkt sind.<\/p>\n<p><strong>Allgemeine Aussagen zu WebBeacons \/ Tracking-Pixel<\/strong><\/p>\n<p>WebBeacons sind unsichtbare Grafiken mit der Gr\u00f6\u00dfe eines Pixels. Diese werden durch Partnerunternehmen, insbesondere zum Zwecke der Verfolgung (Tracking) eines Nutzers \u00fcber verschiedene Webpages zur Profilbildung zum Einsatz bei auf den Nutzer zugeschnittener Werbung (Targeting), eingesetzt. Ein in die Webpage eingebundener Pixel wird bei Aufruf der Webpage vom Server des Partners geladen. Damit erh\u00e4lt der Partner Ihre IP-Adresse, sowie Informationen \u00fcber Ihren Browser und dessen Version sowie genutzte Browser-Plugins (Browser-Fingerprint), \u00fcber Ihr Betriebssystem sowie \u00fcber Ihren Netzbetreiber. F\u00fcr die Einbindung externer Dienste durch Webbeacons \/ Tracking-Pixel oder sonstige Scripte gelten die Angaben f\u00fcr Advertising-Cookies sinngem\u00e4\u00df.<\/p>\n<p><strong>Inhalte externer Anbieter<\/strong><\/p>\n<p>Auf unserer Website verwenden wir aktive JavaScript-Inhalte und Schriftarten, die auch von externen Anbietern wie z.B. Google stammen k\u00f6nnen. Durch Aufruf unserer Website erhalten diese Anbieter ggf. Information \u00fcber Ihren Besuch auf unserer Website, etwa durch \u00dcbertragung Ihrer IP-Adresse. Sie k\u00f6nnen diese \u00dcbermittlung unterbinden, indem Sie einen JavaScript-Blocker wie z.B. das Browser-Plugin &#8218;NoScript&#8216; installieren oder JavaScript in Ihrem Browser deaktivieren. Dies kann allerdings zu Funktionseinschr\u00e4nkungen f\u00fchren.<\/p>\n<p>Manche unserer Webseiten binden innerhalb des Angebotes Inhalte Dritter, wie zum Beispiel Videos von YouTube, Kartenmaterial von Google Maps, Bilder, Texte und Multi-Media-Dateien, RSS-Feeds oder weitere Dienste von anderen Webseiten ein. Dies setzt immer eine \u00dcbermittlung Ihrer IP-Adresse an die Anbieter dieser Inhalte voraus. Wir k\u00f6nnen keine Aussage \u00fcber die Verwendung Ihrer Daten bei diesen Anbietern geben und haben auch auf die weitere Verarbeitung keinen Einfluss. Insbesondere nicht dar\u00fcber, ob die Daten noch f\u00fcr weitere Zwecke, wie etwa der Profilbildung genutzt werden. Bitte entnehmen Sie hierzu die entsprechenden Datenschutzhinweise der jeweiligen Drittanbieter.<br \/>\nSie k\u00f6nnen sich u.a. gegen die weitere Verfolgung durch Tracking-Pixel dieser Anbieter sch\u00fctzen, indem Sie die Akzeptanz f\u00fcr Drittanbieter-Cookies in Ihren Browsereinstellungen abschalten.<br \/>\nDie Rechtsgrundlage f\u00fcr die \u00dcbermittlung personenbezogener Daten bei Einbindung von Drittanbietern ist bei Vorliegen einer diesbez\u00fcglichen Einwilligung des Nutzers &#8211; z.B. durch Auswahl in einem Cookie-Opt-In-Banner &#8211; Art. 6 Abs. 1 lit. a DSGVO, ansonsten Art. 6 Abs. 1 lit. f DSGVO i.V.m. EG 47.<\/p>\n<p><strong>Google Analytics<\/strong><\/p>\n<p>Soweit Sie Ihre Einwilligung erkl\u00e4rt haben, wird auf dieser Website Google Analytics 4 eingesetzt, ein Webanalysedienst der Google LLC. Verantwortliche Stelle f\u00fcr Nutzer in der EU\/ dem EWR und der Schweiz ist Google Ireland Limited, Google Building Gordon House, 4 Barrow St, Dublin, D04 E5W5, Irland (\u201eGoogle\u201c).<br \/>\nGoogle Analytics verwendet Cookies, die eine Analyse der Benutzung unserer Webseiten durch Sie erm\u00f6glichen. Die mittels der Cookies erhobenen Informationen \u00fcber Ihre Benutzung dieser Website werden in der Regel an einen Server von Google in den USA \u00fcbertragen und dort gespeichert. Bei Google Analytics 4 ist die Anonymisierung von IP-Adressen standardm\u00e4\u00dfig aktiviert. Aufgrund der IP-Anonymisierung wird Ihre IP-Adresse von Google innerhalb von Mitgliedstaaten der Europ\u00e4ischen Union oder in anderen Vertragsstaaten des Abkommens \u00fcber den Europ\u00e4ischen Wirtschaftsraum gek\u00fcrzt. Nur in Ausnahmef\u00e4llen wird die volle IP-Adresse an einen Server von Google in den USA \u00fcbertragen und dort gek\u00fcrzt. Die im Rahmen von Google Analytics von Ihrem Browser \u00fcbermittelte IP-Adresse wird laut Google nicht mit anderen Daten von Google zusammengef\u00fchrt. W\u00e4hrend Ihres Website-Besuchs wird Ihr Nutzerverhalten in Form von \u201eEreignissen\u201c erfasst. Ereignisse k\u00f6nnen sein: Seitenaufrufe, Erstmaliger Besuch der Website, Start der Sitzung, Interaktion mit der Website, Scrolls, Klicks auf externe Links, interne Suchanfragen, Interaktion mit Videos, Dateidownloads, gesehene \/ angeklickte Anzeigen, Spracheinstellung.<\/p>\n<p>Au\u00dferdem wird erfasst: Ihr ungef\u00e4hrer Standort (Region), Ihre IP-Adresse (in gek\u00fcrzter Form), technische Informationen zu Ihrem Browser und den von Ihnen genutzten Endger\u00e4ten (z.B. Spracheinstellung, Bildschirmaufl\u00f6sung), Ihr Internetanbieter, die Referrer-URL (\u00fcber welche Website\/ \u00fcber welches Werbemittel Sie auf diese Website gekommen sind).<br \/>\nIm Auftrag des Betreibers dieser Website wird Google diese Informationen benutzen, um Ihre pseudonyme Nutzung der Website auszuwerten und um Reports \u00fcber die Website-Aktivit\u00e4ten zusammenzustellen. Die durch Google Analytics bereitgestellten Reports dienen der Analyse der Leistung unserer Website.<\/p>\n<p>Empf\u00e4nger der Daten sind\/k\u00f6nnen sein: Google Ireland Limited, Gordon House, Barrow Street, Dublin 4, Irland (als Auftragsverarbeiter nach Art. 28 DSGVO); Google LLC, 1600 Amphitheatre Parkway Mountain View, CA 94043, USA; Alphabet Inc., 1600 Amphitheatre Parkway Mountain View, CA 94043, USA. Es ist nicht auszuschlie\u00dfen, dass US-amerikanische Beh\u00f6rden auf die bei Google gespeicherten Daten zugreifen. Soweit Daten au\u00dferhalb der EU\/des EWR verarbeitet werden und kein dem europ\u00e4ischen Standard entsprechendes Datenschutzniveau besteht, haben wir zur Herstellung eines angemessenen Datenschutzniveaus <a href=\"https:\/\/business.safety.google\/adsprocessorterms\/sccs\/eu-c2p\/\">mit dem Dienstleister EU-Standardvertragsklauseln<\/a> geschlossen. Die Muttergesellschaft von Google Ireland, Google LLC, hat Ihren Sitz in Kalifornien, USA. Eine \u00dcbermittlung von Daten in die USA und ein Zugriff US-amerikanischer Beh\u00f6rden auf die bei Google gespeicherten Daten kann nicht ausgeschlossen werden. Die USA gelten derzeit aus datenschutzrechtlicher Sicht als Drittland. Sie haben dort nicht die gleichen Rechte wie innerhalb der EU\/ des EWR. Ggf. stehen Ihnen keine Rechtsbehelfe gegen Zugriffe von Beh\u00f6rden zu. Die von uns gesendeten und mit Cookies verkn\u00fcpften Daten werden nach 2 Monaten automatisch gel\u00f6scht. Die L\u00f6schung von Daten, deren Aufbewahrungsdauer erreicht ist, erfolgt automatisch einmal im Monat. Die Rechtsgrundlage f\u00fcr diese Datenverarbeitung ist Ihre Einwilligung gem. Art.6 Abs.1 S.1 lit. a) DSGVO. Sie k\u00f6nnen Ihre Einwilligung jederzeit mit Wirkung f\u00fcr die Zukunft widerrufen, indem Sie die <a class=\"privacy_optout_click\">Cookie-Einstellungen aufrufen<\/a> und dort Ihre Auswahl \u00e4ndern. Die Rechtm\u00e4\u00dfigkeit der aufgrund der Einwilligung bis zum Widerruf erfolgten Verarbeitung bleibt davon unber\u00fchrt.<\/p>\n<p>Sie k\u00f6nnen die Speicherung von Cookies auch von vornherein durch eine entsprechende Einstellung Ihrer Browser-Software verhindern. Wenn Sie Ihren Browser so konfigurieren, dass alle Cookies abgelehnt werden, kann es jedoch zu Einschr\u00e4nkung von Funktionalit\u00e4ten auf dieser und anderen Websites kommen. Sie k\u00f6nnen dar\u00fcber hinaus die Erfassung der durch das Cookie erzeugten und auf Ihre Nutzung der Website bezogenen Daten (inkl. Ihrer IP-Adresse) an Google sowie die Verarbeitung dieser Daten durch Google verhindern, indem Sie<\/p>\n<p>a) Ihre Einwilligung in das Setzen des Cookies nicht erteilen oder<br \/>\nb) das Browser-Add-on zur Deaktivierung von Google Analytics <a href=\"https:\/\/tools.google.com\/dlpage\/gaoptout?hl=de\">HIER<\/a> herunterladen und installieren.<\/p>\n<p>N\u00e4here Informationen zu Nutzungsbedingungen von Google Analytics und zum Datenschutz bei Google finden Sie unter <a href=\"https:\/\/marketingplatform.google.com\/about\/analytics\/terms\/de\/\" target=\"_blank\" rel=\"noopener\">https:\/\/marketingplatform.google.com\/about\/analytics\/terms\/de\/<\/a> und unter <a href=\"https:\/\/policies.google.com\/?hl=de\" target=\"_blank\" rel=\"noopener\">https:\/\/policies.google.com\/?hl=de<\/a>.<\/p>\n<p><strong>Google reCaptcha<\/strong><\/p>\n<p>Um f\u00fcr Datensicherheit bei der \u00dcbermittlung von Formularen Sorge zu tragen und uns vor SPAM zu sch\u00fctzen, verwenden wir den Dienst reCAPTCHA des Unternehmens Google Inc., 1600 Amphitheatre Parkway, Mountain View, CA 94043, USA (\u201eGoogle\u201c). Dies dient vorallem zur Unterscheidung, ob die Eingabe durch eine nat\u00fcrliche Person erfolgt oder missbr\u00e4uchlich durch maschinelle und automatisierte Verarbeitung. Nach Eingabe und Dr\u00fccken des entsprechenden Best\u00e4tigen-Knopfes wird ihre IP-Adresse und ggf. weitere f\u00fcr den Dienst reCAPTCHA ben\u00f6tigte Daten an Google gesendet. Rechtsgrundlage f\u00fcr die Verarbeitung Ihrer IP-Adresse und den Einsatz von ReCAPTCHA bildet Art. 6 Abs.1 lit. f DSGVO. Unser berechtigtes Interesse liegt dabei in der sicheren \u00dcbermittlung von Formulardaten und dem reibungslosen Betrieb unserer Webseite.<\/p>\n<p>F\u00fcr die \u00dcbertragung personenbezogener Daten in die USA finden Standard-Vertragsklauseln Anwendung. Weiterhin gelten abweichenden Datenschutzbestimmungen von Google Inc. Weitere Informationen zu den Datenschutzrichtlinien von Google Inc. finden Sie unter <a href=\"https:\/\/www.google.de\/intl\/de\/privacy\">https:\/\/www.google.de\/intl\/de\/privacy<\/a> oder <a href=\"https:\/\/www.google.com\/intl\/de\/policies\/privacy\/\">https:\/\/www.google.com\/intl\/de\/policies\/privacy\/<\/a>.<\/p>\n<p><strong>OpenStreetMap<\/strong><\/p>\n<p>Auf unserer Website ist \u00fcber eine API-Schnittstelle das Kartentool &#8222;Open Street Maps&#8220; implementiert. Hierbei handelt es sich um ein Open-Source-Stra\u00dfenkarte der OpenStreetMap Foundation, St John\u2019s Innovation Centre, Cowley Road, Cambridge, CB4 0WS, United Kingdom. Um die OpenStreetMap bereitstellen zu k\u00f6nnen, ist es notwendig, Ihre IP-Adresse zu speichern. Hierbei wird Ihre IP-Adresse an die Server von OpenStreetMap \u00fcbertragen und dort verarbeitet. Weitergehend k\u00f6nnen Tracking- und Analyseverfahren durch OpenStreetMap zum Zwecke der Fehleranalyse stattfinden. Hierauf, sowie auf die \u00dcbertragung Ihrer Daten, haben wir keinen Einfluss.<\/p>\n<p>Die Nutzung von OpenStreetMap erfolgt im Interesse einer erleichterten Auffindbarkeit unseres Gesch\u00e4ftssitzes. Die Rechtsgrundlage f\u00fcr die Bereitstellung dieses Dienstes, erfolgt auf Basis Ihrer Einwilligung gem\u00e4\u00df Art. 6 Abs. 1 lit. a) DSGVO. Weitere Datenschutzinformationen k\u00f6nnen Sie unter nachfolgendem Link abrufen: <a href=\"https:\/\/wiki.osmfoundation.org\/wiki\/Privacy_Policy\">https:\/\/wiki.osmfoundation.org\/wiki\/Privacy_Policy<\/a><\/p>\n<p><strong>Webfonts von Monotype<\/strong><\/p>\n<p>Das Design unserer Website verwendet zur Darstellung Schriftarten der Firma Monotype Imaging Holdings Inc., einem Unternehmen aus Delaware mit Hauptgesch\u00e4ftssitz unter der Anschrift 600 Unicorn Park Drive, Woburn, Massachusetts 01801 USA. Mit der Nutzung unsere Seite werden Daten (insbesondere IP-Adressen und Daten zum Aufruf der verwendeten Schriftarten) an die Server von Monotype \u00fcbermittelt. Diese Daten werden von Monotype anonymisiert und lassen keine R\u00fcckschl\u00fcsse auf Ihre Person zu. Die Daten werden ausschlie\u00dflich zum Zweck der Erfassung der Anzahl der Aufrufe f\u00fcr die Abrechnung zwischen uns und Monotype verarbeitet.<\/p>\n<p>Datenschutzrechtlich verantwortlich f\u00fcr die Verarbeitung ist Monotype. Sie k\u00f6nnen deren Bestimmungen zum Datenschutz unter folgendem Link finden: <a href=\"https:\/\/www.monotype.com\/de\/rechtshinweise\/datenschutzrichtlinie\/datenschutzrichtlinie-zum-tracking-von-webschriften\">https:\/\/www.monotype.com\/de\/rechtshinweise\/datenschutzrichtlinie\/datenschutzrichtlinie-zum-tracking-von-webschriften<\/a>.<\/p>\n<p><strong>Kontaktformular und E-Mail-Kontakt<\/strong><\/p>\n<p>Auf unserer Internetseite ist ein Kontaktformular vorhanden, welches f\u00fcr die elektronische Kontaktaufnahme genutzt werden kann. Nimmt ein Nutzer diese M\u00f6glichkeit wahr, so werden die in der Eingabemaske eingegeben Daten an uns \u00fcbermittelt und gespeichert. Diese Daten sind: Name, Adresse, Mailadresse, Telefonnummer, etc. Nicht alle davon m\u00fcssen Pflichtangaben sein. Im Zeitpunkt der Absendung der Nachricht werden zudem folgende Daten gespeichert: Die IP-Adresse, Datum und Uhrzeit. Die sonstigen w\u00e4hrend des Absendevorgangs verarbeiteten personenbezogenen Daten dienen dazu, einen Missbrauch des Kontaktformulars zu verhindern und die Sicherheit unserer informationstechnischen Systeme sicherzustellen.<\/p>\n<p>Alternativ ist eine Kontaktaufnahme \u00fcber die bereitgestellte E-Mail-Adresse m\u00f6glich. In diesem Fall werden die mit der E-Mail \u00fcbermittelten personenbezogenen Daten des Nutzers gespeichert. Es erfolgt in diesem Zusammenhang keine Weitergabe der Daten an Dritte. Die Daten werden ausschlie\u00dflich f\u00fcr die Verarbeitung der Konversation verwendet.<\/p>\n<p>Rechtsgrundlage f\u00fcr die Verarbeitung ist:<\/p>\n<ul>\n<li>F\u00fcr den Empfang der Daten auf Grundlage des Absendens des Kontaktformulars als Einwilligung gem. Art. 6 Abs. 1 lit. a i.V.m. Art. 5 (erwartbare Verarbeitung) DSGVO oder alternativ auf Basis des berechtigten Interesses der Beantwortung Ihrer Kontaktanfrage nach Art. 6 Abs. 1 lit. f DSGVO.<\/li>\n<li>F\u00fcr die Verarbeitung von Daten die im Zuge einer \u00dcbersendung einer E-Mail \u00fcbermittelt werden, Art. 6 Abs. 1 lit. f DSGVO mit den o.a. berechtigten Interessen.<\/li>\n<li>Zielt der E-Mail-Kontakt auf den Abschluss eines Vertrages ab, so ist zus\u00e4tzliche Rechtsgrundlage f\u00fcr die Verarbeitung Art. 6 Abs. 1 lit. b DSGVO.<\/li>\n<\/ul>\n<p>Die Daten werden gel\u00f6scht, sobald sie f\u00fcr die Erreichung des Zweckes ihrer Erhebung nicht mehr erforderlich sind. F\u00fcr die personenbezogenen Daten aus der Eingabemaske des Kontaktformulars und diejenigen, die per E-Mail \u00fcbersandt wurden, ist dies dann der Fall, wenn die jeweilige Konversation mit dem Nutzer beendet ist und kein Anlass f\u00fcr eine weitere Speicherung vorliegt. Beendet ist die Konversation dann, wenn sich aus den Umst\u00e4nden entnehmen l\u00e4sst, dass der betroffene Sachverhalt abschlie\u00dfend gekl\u00e4rt ist. Es k\u00f6nnen handels- und steuerrechtliche Aufbewahrungsfristen bestehen.<\/p>\n<p>Der Nutzer hat jederzeit die M\u00f6glichkeit, seine Einwilligung zur Verarbeitung der personenbezogenen Daten zu widerrufen. Nimmt der Nutzer per E-Mail-Kontakt mit uns auf, so kann er der Speicherung seiner personenbezogenen Daten jederzeit widersprechen. In einem solchen Fall kann die Konversation nicht fortgef\u00fchrt werden.<\/p>\n<p><strong>Newsletter<\/strong><\/p>\n<p>Auf unseren Internetseiten besteht die M\u00f6glichkeit einen kostenfreien Newsletter mit werblichen Inhalten zu abonnieren. Unsere Newsletter beinhalten Informationen zu unseren Leistungsangeboten, Aktionen, Veranstaltungen, Gewinnspielen, Jobangeboten, Beitr\u00e4gen\/Artikeln. Nicht zu Newslettern geh\u00f6ren dagegen Nachrichten ohne werbliche Informationen, die im Rahmen unserer Vertrags- oder sonstiger Gesch\u00e4ftsbeziehung versendet werden. Dazu geh\u00f6ren z.B. der Versand von Servicemails mit technischen Hinweisen und R\u00fcckfragen zu Auftr\u00e4gen, Veranstaltungen, Gewinnspielbenachrichtigungen oder vergleichbare Nachrichten. Dabei werden bei der Anmeldung zum Newsletter die Daten aus der Eingabemaske an uns \u00fcbermittelt. Zudem werden die IP-Adresse des aufrufenden Rechners sowie der Zeitpunkt des Aufrufes erhoben. F\u00fcr die Verarbeitung der Daten wird im Rahmen des Anmeldevorgangs Ihre Einwilligung eingeholt und auf diese Datenschutzerkl\u00e4rung verwiesen. Wenn Sie auf unserer Internetseite \u00fcber unseren Online-Shop Waren erwerben und hierbei Ihre E-Mail-Adresse hinterlegen, behalten wir uns vor, Ihnen Newsletter mir Direktwerbung f\u00fcr eigene \u00e4hnliche Waren zu senden. Es erfolgt im Zusammenhang mit der Datenverarbeitung f\u00fcr den Versand von Newslettern keine Weitergabe der Daten an Dritte. Die Daten werden ausschlie\u00dflich f\u00fcr den Versand des Newsletters verwendet. Rechtsgrundlage f\u00fcr die Verarbeitung der Daten nach Anmeldung zum Newsletter durch den Nutzer ist bei Vorliegen einer Einwilligung des Nutzers Art. 6 Abs.1 lit. a DSGVO und f\u00fcr den Versand des Newsletters infolge des Verkaufs von Waren gem. \u00a7 7 Abs. 3 UWG oder Art. 6 Abs. 1 lit. f. (Versand auf Grundlage unseres berechtigten Gesch\u00e4ftsinteresses).<\/p>\n<p>Die Erhebung der E-Mail-Adresse des Nutzers dient dazu, den Newsletter zuzustellen. Die Erhebung sonstiger personenbezogener Daten im Rahmen des Anmeldevorgangs dient dazu, einen Missbrauch der Dienste oder der verwendeten E-Mail-Adresse zu verhindern. Das Abonnement des Newsletters kann durch den betroffenen Nutzer jederzeit gek\u00fcndigt werden. Zu diesem Zweck findet sich in jedem Newsletter ein entsprechender Link. Hierdurch wird ebenfalls ein Widerruf der Einwilligung f\u00fcr den Newsletter-Versand entgegengenommen.<\/p>\n<p>Eine statistische Auswertung des Leseverhaltens findet nur in dem Umfang statt, als das festgestellt werden kann, ob die Empf\u00e4nger den Newsletter ge\u00f6ffnet und die Links geklickt haben. Dies ist eine Funktion, die wir jedoch nur nutzen, um die Nutzeraktivit\u00e4ten zu pr\u00fcfen und dementsprechende Optimierungen vornehmen zu k\u00f6nnen. Hierzu enth\u00e4lt der Newsletter einen sog. \u201eweb-beacon\u201c, eine pixelgro\u00dfe Datei, die beim \u00d6ffnen des Newsletters von unserem Server abgerufen wird. Dieser Webbeacon kann personalisiert sein, so dass dabei personenbezogenen Daten erhoben werden. Das Tracking von Klicks erfolgt \u00fcber personalisierte Links auf die jeweilige Webseite. Sofern personalisierte Daten erhoben werden, ist die Rechtsgrundlage Art. 6 Abs. 1 lit. a DSGVO.<\/p>\n<p><strong>Datenerhebung bei der Registrierung und registrierten Nutzung<\/strong><\/p>\n<p>Manche unserer Webseiten erfordern oder bieten eine Registrierung an. Die dabei erhobenen Daten werden f\u00fcr die Zwecke der Nutzung der jeweiligen Webseiten und Dienste verwendet, sofern bei der Registrierung nicht anders beschrieben und explizit eingewilligt. Die erhobenen Daten ergeben sich aus der Eingabemaske im Rahmen der Registrierung, die Verarbeitung basiert auf Art. 6 Abs. 1 lit. b DSGVO. Alle weiteren Daten, die Sie zu sp\u00e4terem Zeitpunkt hinterlegen k\u00f6nnen, um Ihr Profil zu vervollst\u00e4ndigen, sind optional und freiwillig und basierten auf der Rechtsgrundlage des Art. 6 Abs. 1 lit. a DSGVO. Wir d\u00fcrfen Sie nach Registrierung \u00fcber relevante Umst\u00e4nde, die mit unserem Angebot, zu dem Sie sich registriert haben, in Verbindung stehen, mittels der hinterlegten E-Mail-Adresse informieren.<\/p>\n<p><strong>Daten in nutzergenerierten Inhalten<\/strong><\/p>\n<p>Sofern Sie Kommentare oder Beitr\u00e4ge verfassen, Dateien auf unsere Server hochladen, Bilder publizieren oder sonstige Dienste nutzen, werden Ihre IP-Adresse sowie \u2013 sofern Sie angemeldet sind \u2013 Ihre Nutzerdaten zu unserer Sicherheit gespeichert. Aufgrund der Vielzahl rechtswidriger Inhalte, die t\u00e4glich ins Internet gestellt werden, behalten wir uns vor, diese Informationen zur Verteidigung in Rechtsstreitigkeiten oder zur Strafverfolgung zu nutzen, d.h. auch an Anspruchsgegner, Strafverfolgungsbeh\u00f6rden sowie Gerichte zu \u00fcbergeben. Rechtsgrundlagen sind f\u00fcr die bereitgestellten Inhalte Art. 6 Abs. 1 lit a und\/oder b DSGVO, f\u00fcr alle weiteren dabei erfassten Daten Art. 6 Abs. 1 lit f DSGVO.<\/p>\n<p><strong>Bonit\u00e4tsausk\u00fcnfte<\/strong><\/p>\n<p>Weiterhin behalten wir uns vor, im Falle von Bestellungen oder Beauftragungen, personenbezogene Daten zur Bonit\u00e4tsauskunft an Dritte weiterzugeben, sofern dies zur Wahrung unserer berechtigten Interessen erforderlich ist. Dabei werden nur die Daten \u00fcbermittelt, die zur Berechnung der Bonit\u00e4t mittels eines mathematisch-statistischen Verfahrens durch die Auskunftei ben\u00f6tigt werden. Bonit\u00e4tsausk\u00fcnfte ben\u00f6tigen wir, um \u00fcber die Begr\u00fcndung und Durchf\u00fchrung eines Vertragsverh\u00e4ltnisses unter Wahrung unserer berechtigten Interessen entscheiden zu k\u00f6nnen.<\/p>\n<p><strong>Daten\u00fcbermittlung \u00fcber das Internet<\/strong><\/p>\n<p>Daten\u00fcbertragung \u00fcber das Internet ist grunds\u00e4tzlich mit gewissen Risiken behaftet. Eine besondere Verschl\u00fcsselung der Daten wird nicht vorgenommen, insbesondere werden Nachrichten vom Kontaktformular unserer Webseite und Nachrichten im Service-Chat unverschl\u00fcsselt \u00fcbermittelt.<br \/>\nBitte bedenken Sie das bei der \u00dcbermittlung von Daten. Sofern Sie mittels verschl\u00fcsselter E-Mail mit uns kommunizieren m\u00f6chten, ist das \u00fcber eine SMIME-Verschl\u00fcsselung m\u00f6glich. Bitte weisen Sie uns auf den Wunsch zur Verschl\u00fcsselung hin, da wir regelm\u00e4\u00dfig unverschl\u00fcsselt versenden, aufgrund der aktuell geringen Marktdurchdringung von E-Mail-Verschl\u00fcsselungsverfahren.<\/p>\n<p><strong>Datenweitergabe<\/strong><\/p>\n<p>Werden uns personenbezogene Daten von Ihnen mitgeteilt, werden diese nur an Dritte weitergegeben, sofern dies zur Abwicklung des Vertragsverh\u00e4ltnisses erforderlich ist oder ein anderer Rechtsgrund diese Weitergabe legitimiert. Bestimmte Dienstleistungen erbringen wir jedoch unter Mitwirkung von Dienstleistern. Wir haben diese Dienstleister sorgf\u00e4ltig ausgew\u00e4hlt und entsprechende Ma\u00dfnahmen zum Schutz Ihrer personenbezogenen Daten getroffen.<\/p>\n<p><strong>Speicherfristen<\/strong><\/p>\n<p>Die personenbezogenen Daten der betroffenen Person werden gel\u00f6scht oder gesperrt, sobald der Zweck der Speicherung entf\u00e4llt. Eine Speicherung kann dar\u00fcber hinaus erfolgen, wenn dies durch den europ\u00e4ischen oder nationalen Gesetzgeber in unionsrechtlichen Verordnungen, Gesetzen oder sonstigen Vorschriften, denen der Verantwortliche unterliegt, vorgesehen wurde. Eine Sperrung oder L\u00f6schung der Daten erfolgt auch dann, wenn eine durch die genannten Normen vorgeschriebene Speicherfrist abl\u00e4uft, es sei denn, dass eine Erforderlichkeit zur weiteren Speicherung der Daten f\u00fcr einen Vertragsabschluss oder eine Vertragserf\u00fcllung besteht.<\/p>\n<\/div>\n<div id=\"soziale-medien\" class=\"ce_text block\">\n<h2 style=\"font-size: 30px;\" data-fusion-font=\"true\">DATENSCHUTZERKL\u00c4RUNG F\u00dcR SOCIAL-MEDIA-PR\u00c4SENZEN<\/h2>\n<p><strong>Facebook<\/strong><\/p>\n<p>Wir betreiben eine oder mehrere Unternehmens-Webseiten (&#8222;Fanpages&#8220;) auf dem beruflichen Social-Media-Netzwerk Facebook, insbesondere zur Selbstdarstellung, zur Markenbildung aber auch zum Zwecke der Kundenkommunikation und zum Recruiting.<\/p>\n<p>Nach dem Urteil des Europ\u00e4ischen Gerichtshofes (EuGH) vom 05.06.2018, Az. C-210\/16 ist der Betreiber von Social-Media-Seiten f\u00fcr die Datenverarbeitung zumindest bei Facebook-Fanpages zumindest mitverantwortlich im Sinne des Art. 26 DSGVO.<br \/>\nZwar bietet Facebook unter <a href=\"https:\/\/www.facebook.com\/legal\/terms\/page_controller_addendum\">https:\/\/www.facebook.com\/legal\/terms\/page_controller_addendum<\/a> eine solche Erkl\u00e4rung an, es ist uns aber nicht bekannt, ob diese nunmehr den Anforderungen der DSGVO gen\u00fcgt.<\/p>\n<p>Wir verarbeiten Ihre Daten &#8211; abgesehen von unten ggf. weiteren Verfahren &#8211; lediglich dann, wenn Sie \u00fcber die Plattform Kontakt mit uns aufnehmen. In diesem Fall erhebt Facebook Ihre Daten und stellt sie uns zur Verf\u00fcgung. Dabei findet unter Umst\u00e4nden auch eine Speicherung und weitere Verarbeitung durch uns statt. Die Verarbeitung Ihrer personenbezogenen Daten im Falle einer Anfrage oder Bewerbung richten sich nach unseren anderen diesbez\u00fcglichen Datenschutzerkl\u00e4rungen.<\/p>\n<p>Die Rechtsgrundlage f\u00fcr die Verarbeitung der personenbezogenen Daten ist je nach Fallkonstellation die Verarbeitung zur Anbahnung und Durchf\u00fchrung eines Vertrages mit Ihnen nach Art. 6 Abs. 1 lit. b DSGVO oder auf Basis unser berechtigtes Interesse an der Kommunikation mit den Nutzern und unsere Au\u00dfendarstellung zwecks Werbung gem\u00e4\u00df Art. 6 Abs. 1 lit. f DSGVO.<br \/>\nSofern Sie gegen\u00fcber dem Anbieter des sozialen Netzwerkes eine Einwilligung in die vorbeschriebene Datenverarbeitung mit Wirkung f\u00fcr uns gegeben haben, ist die Rechtsgrundlage Art. 6 Abs. 1 lit. a DSGVO.<\/p>\n<p>Ferner erheben wir m\u00f6glicherweise Daten der Besucher unserer Unternehmensseite, sofern die Anzeige als Besucher als Verarbeitung definiert werden kann. Wir speichern diese Daten &#8211; vorbehaltlich unten aufgef\u00fchrter weiterer Verfahren &#8211; aber nicht auf eigenen Systemen, noch werden sie \u00fcber eine gelegentliche Kenntnisnahme systematisch weiterverarbeitet.<br \/>\nF\u00fcr diese Verarbeitungsschritte gelten unsere Informationen hinsichtlich der verantwortlichen Stelle, des Datenschutzbeauftragten und der Erkl\u00e4rung Ihrer Rechte als betroffene Person.<\/p>\n<p>Wir weisen darauf hin, dass f\u00fcr jegliche dar\u00fcber hinausgehende Verarbeitung auf unseren Fanpages die Datenschutzerkl\u00e4rung Facebook Inc. (1601 S. California Ave, Palo Alto, CA 94304, USA) oder der Facebook Ireland Ltd. (4 Grand Canal Square, Grand Canal Harbour, Dublin 2, Irland) anwendbar ist. Die Daten\u00fcbermittlung in Drittl\u00e4nder basiert auf der Nutzung von Standardvertragsklauseln gem\u00e4\u00df der Europ\u00e4ischen Kommission: <a href=\"https:\/\/de-de.facebook.com\/help\/566994660333381\">https:\/\/de-de.facebook.com\/help\/566994660333381<\/a>.<br \/>\nWeitere, ausf\u00fchrliche Informationen zur Datenverarbeitung von Facebook und zu dementsprechenden Widerspruchsm\u00f6glichkeiten finden Sie unter <a href=\"https:\/\/www.facebook.com\/about\/privacy\/\">https:\/\/www.facebook.com\/about\/privacy\/<\/a> sowie unter <a href=\"https:\/\/www.facebook.com\/legal\/terms\/dataprocessing\">https:\/\/www.facebook.com\/legal\/terms\/dataprocessing<\/a>. Facebook ist Anbieter dieses Dienstes und alleine dazu bef\u00e4higt vollst\u00e4ndige Angaben zur Datenverarbeitung auf Facebook zu machen.<br \/>\nWir weisen Sie darauf hin, dass die Geltendmachung von Betroffenenrechten und Auskunftsanfragen am sinnvollsten an Facebook zu richten sind. Ausschlie\u00dflich Facebook hat Zugriff auf Ihre Daten und kann unmittelbar Ma\u00dfnahmen ergreifen, um die Daten zu l\u00f6schen, einzuschr\u00e4nken, etc., oder um Ausk\u00fcnfte zu erteilen. Selbstverst\u00e4ndlich werden wir Sie bei Bedarf bei der Geltendmachung Ihrer Rechte unterst\u00fctzen. M\u00f6glichkeiten zum Opt-Out finden Sie unter: <a href=\"https:\/\/www.facebook.com\/settings?tab=ads\">https:\/\/www.facebook.com\/settings?tab=ads<\/a> und <a href=\"https:\/\/www.youronlinechoices.com\/\">https:\/\/www.youronlinechoices.com<\/a>.<\/p>\n<p><strong>Zus\u00e4tzliche Informationen Facebook Insight<\/strong><\/p>\n<p>Wir verwenden auf unseren Fanpages die Analysefunktion \u201cFacebook Insight\u201d. Die Funktion dient dem Zweck der Werbung und Marktforschung, um Ihnen relevantere Inhalte bereitzustellen und neue, f\u00fcr Sie interessante Funktionen zu entwickeln.<br \/>\nFacebook verwendet dabei Cookies, die eine Analyse Ihrer Besuche auf der Fanpages erm\u00f6glichen. Die durch die Cookies erzeugten Informationen \u00fcber Ihre Benutzung der Fanpages werden in der Regel an Server von Facebook in den USA \u00fcbertragen und dort gespeichert. Facebook st\u00fctzt sich bei der Daten\u00fcbermittlung in Drittl\u00e4nder auf Standardvertragsklauseln der Europ\u00e4ischen Kommission und verpflichtet sich damit, die europ\u00e4ischen Datenschutzregeln einzuhalten: <a href=\"https:\/\/de-de.facebook.com\/help\/566994660333381\">https:\/\/de-de.facebook.com\/help\/566994660333381<\/a>.<\/p>\n<p>Die Verarbeitung erfolgt auf Grundlage des Art. 6 Abs. 1 lit. f DSGVO aus dem berechtigten Interesse an zielgerichteter Werbung und zielgerichteten Gestaltung der Fanpages. Sofern Sie gegen\u00fcber dem Anbieter des sozialen Netzwerkes eine Einwilligung in die vorbeschriebene Datenverarbeitung mit Wirkung f\u00fcr uns gegeben haben, ist die Rechtsgrundlage Art. 6 Abs. 1 lit. a DSGVO.<br \/>\nN\u00e4here Informationen zu Nutzungsbedingungen und Datenschutz finden Sie unter <a href=\"https:\/\/www.facebook.com\/about\/privacy\/\">https:\/\/www.facebook.com\/about\/privacy\/<\/a>. Detaillierte Informationen zu den jeweiligen Verarbeitungen und den Widerspruchsm\u00f6glichkeiten, finden Sie unter <a href=\"https:\/\/www.facebook.com\/legal\/terms\/page_controller_addendum\">https:\/\/www.facebook.com\/legal\/terms\/page_controller_addendum<\/a> und <a href=\"https:\/\/www.facebook.com\/settings?tab=ads\">https:\/\/www.facebook.com\/settings?tab=ads<\/a> bzw. <a href=\"https:\/\/www.youronlinechoices.com\/\">https:\/\/www.youronlinechoices.com\/<\/a>.<\/p>\n<p><strong>Twitter<\/strong><\/p>\n<p>Wir betreiben eine oder mehrere Unternehmens-Webseiten auf dem beruflichen Social-Media-Netzwerk Twitter, insbesondere zur Selbstdarstellung, aber auch zum Recruiting.<\/p>\n<p>Nach dem Urteil des Europ\u00e4ischen Gerichtshofes (EuGH) vom 05.06.2018, Az. C-210\/16 ist der Betreiber von Social-Media-Seiten f\u00fcr die Datenverarbeitung zumindest bei Facebook-Fanpages zumindest mitverantwortlich im Sinne des Art. 26 DSGVO.<br \/>\nWir vermuten eine analoge Anwendbarkeit dieser Entscheidung auf andere soziale Netzwerke, so auch Twitter. Bislang ist uns nicht bekannt, dass Twitter eine den Anforderungen des Art. 26 gen\u00fcgende Vereinbarung anbietet.<\/p>\n<p>Wir weisen Sie darauf hin, dass Sie den hier angebotenen Twitter-Kurznachrichtendienst und dessen Funktionen in eigener Verantwortung nutzen. Dies gilt insbesondere f\u00fcr die Nutzung der interaktiven Funktionen (z.B. Teilen, Bewerten).<\/p>\n<p>Wir verarbeiten Ihre Daten lediglich dann, wenn Sie \u00fcber die Twitter Plattform Kontakt mit uns aufnehmen. In diesem Fall erhebt Twitter Ihre Daten und stellt sie uns zur Verf\u00fcgung.<br \/>\nDabei findet unter Umst\u00e4nden auch eine Speicherung und weitere Verarbeitung durch uns statt. Die Verarbeitung Ihrer personenbezogenen Daten im Falle einer Bewerbung richten sich nach unserer Bewerber-Datenschutzerkl\u00e4rung.<\/p>\n<p>Ihre Daten werden von uns insofern verarbeitet, als dass wir Ihre Tweets gegebenenfalls re-tweeten oder auf diese antworten oder auch Tweets verfassen, die auf Ihren Account verweisen. Von Ihnen frei bei Twitter ver\u00f6ffentlichte und verbreitete Daten werden so von uns einbezogen und Dritten zug\u00e4nglich gemacht.<\/p>\n<p>Die Rechtsgrundlage f\u00fcr die Verarbeitung der personenbezogenen Daten ist je nach Fallkonstellation die Verarbeitung zur Anbahnung und Durchf\u00fchrung eines Vertrages mit Ihnen nach Art. 6 Abs. 1 lit. b DSGVO (sofern es um konkrete Angebotsanfragen oder um einer bestehenden Kundenbeziehung mit Ihnen geht)<br \/>\noder auf Basis unser berechtigtes Interesse an der Kommunikation mit den Nutzern und unsere Au\u00dfendarstellung zwecks Werbung gem\u00e4\u00df Art. 6 Abs. 1 S. 1 lit. f) DSGVO.<br \/>\nSofern Sie gegen\u00fcber dem Anbieter des sozialen Netzwerkes eine Einwilligung in die vorbeschriebene Datenverarbeitung mit Wirkung f\u00fcr uns gegeben haben, ist die Rechtsgrundlage Art. 6 Abs. 1 lit. a DSGVO.<\/p>\n<p>Dabei findet unter Umst\u00e4nden auch eine Speicherung und weitere Verarbeitung durch uns statt. Die Verarbeitung Ihrer personenbezogenen Daten richten sich nach dann nach einer unserer anderen Datenschutzerkl\u00e4rung, je nachdem, welcher Gruppe von Betroffenen Sie angeh\u00f6ren.<br \/>\nFerner erheben wir m\u00f6glicherweise Daten der &#8222;Liker&#8220; und Kommentatoren unseres Kanals, sofern die blo\u00dfe Anzeige als Verarbeitung definiert werden kann. Wir speichern diese Daten aber nicht auf eigenen Systemen, noch werden sie \u00fcber eine gelegentliche Kenntnisnahme systematisch weiterverarbeitet.<br \/>\nF\u00fcr diese Verarbeitungsschritte gelten unsere Informationen hinsichtlich der verantwortlichen Stelle, des Datenschutzbeauftragten und der Erkl\u00e4rung Ihrer Rechte als betroffene Person.<\/p>\n<p>Wir weisen darauf hin, dass f\u00fcr jegliche dar\u00fcber hinausgehende Verarbeitung auf bzw. \u00fcber unseren Twitter-Kanal die Datenschutzerkl\u00e4rung der Twitter (Twitter Inc., 1355 Market Street, Suite 900, San Francisco, CA 94103, USA) anwendbar ist.<br \/>\nVerantwortlich ist vermutlich die Twitter International Company, One Cumberland Place, Fenian Street, Dublin 2 D02 AX07, Irland.<br \/>\nWir haben keinen Einfluss auf Art und Umfang der durch Twitter verarbeiteten Daten, die Art der Verarbeitung und Nutzung oder die Weitergabe dieser Daten an Dritte. Uns stehen diesbez\u00fcglich auch keine effektiven Kontrollm\u00f6glichkeiten zur Verf\u00fcgung.<br \/>\nF\u00fcr den Drittlandtransfer von personenbezogenen Daten dienen Standardvertragsklauseln als Garantie.<br \/>\nWeitere Information zur Verarbeitung von personenbezogenen Daten finden Sie hier:<\/p>\n<ul>\n<li><a href=\"https:\/\/support.twitter.com\/articles\/105576\">https:\/\/support.twitter.com\/articles\/105576#<\/a><\/li>\n<li><a href=\"https:\/\/help.twitter.com\/de\/search?q=datenschutz\">https:\/\/help.twitter.com\/de\/search?q=datenschutz<\/a><\/li>\n<li><a href=\"https:\/\/support.twitter.com\/articles\/20172711\">https:\/\/support.twitter.com\/articles\/20172711#<\/a>(Einsichtsm\u00f6glichkeit \u00fcber Ihre Daten)<\/li>\n<li><a href=\"https:\/\/twitter.com\/your_twitter_data\">https:\/\/twitter.com\/your_twitter_data<\/a> (Auswertungen Ihrer Twitterdaten)<\/li>\n<li><a href=\"https:\/\/twitter.com\/personalization\">https:\/\/twitter.com\/personalization<\/a> (Personalisierungsoptionen und Opt-Out)<\/li>\n<li><a href=\"https:\/\/support.twitter.com\/forms\/privacy\">https:\/\/support.twitter.com\/forms\/privacy<\/a> (Datenverarbeitungsinformationen)<\/li>\n<li><a href=\"https:\/\/support.twitter.com\/articles\/20170320\">https:\/\/support.twitter.com\/articles\/20170320#<\/a><\/li>\n<\/ul>\n<p>Wir weisen Sie darauf hin, dass die Geltendmachung von Betroffenenrechten und Auskunftsanfragen am sinnvollsten gegen Twitter Inc. selbst zu richten sind.<br \/>\nAusschlie\u00dflich Twitter hat Zugriff auf Ihre Daten und kann unmittelbar Ma\u00dfnahmen ergreifen, um die Daten zu l\u00f6schen, einzuschr\u00e4nken, etc., oder um Ausk\u00fcnfte zu erteilen. Selbstverst\u00e4ndlich werden wir Sie bei Bedarf bei der Geltendmachung Ihrer Rechte unterst\u00fctzen.<\/p>\n<p><strong>YouTube<\/strong><\/p>\n<p>Wir betreiben eine oder mehrere Unternehmens-Webseiten auf dem Social-Media-Netzwerk YouTube der Google Inc., insbesondere zur Selbstdarstellung, aber auch zum Recruiting.<\/p>\n<p>Nach dem Urteil des Europ\u00e4ischen Gerichtshofes (EuGH) vom 05.06.2018, Az. C-210\/16 ist der Betreiber von Social-Media-Seiten f\u00fcr die Datenverarbeitung zumindest bei Facebook-Fanpages zumindest mitverantwortlich im Sinne des Art. 26 DSGVO.<br \/>\nWir vermuten eine analoge Anwendbarkeit dieser Entscheidung auf andere soziale Netzwerke, so auch YouTube. Bislang ist uns nicht bekannt, dass YouTube eine den Anforderungen des Art. 26 gen\u00fcgende Vereinbarung anbietet.<\/p>\n<p>Wir weisen Sie darauf hin, dass Sie den hier angebotenen YouTube Kanal und dessen Funktionen in eigener Verantwortung nutzen. Dies gilt insbesondere f\u00fcr die Nutzung der interaktiven Funktionen (z.B. Teilen, Liken, Disliken, Kommentieren).<\/p>\n<p>Wir verarbeiten Ihre Daten lediglich dann, wenn Sie \u00fcber die YouTube Plattform Kontakt mit uns aufnehmen. In diesem Fall erhebt YouTube Ihre Daten und stellt sie uns zur Verf\u00fcgung.<br \/>\nDabei findet unter Umst\u00e4nden auch eine Speicherung und weitere Verarbeitung durch uns statt. Die Verarbeitung Ihrer personenbezogenen Daten richtet sich dann nach einer unserer anderen Datenschutzerkl\u00e4rungen, je nachdem, zu welcher Gruppe Betroffener Sie geh\u00f6ren.<br \/>\nFerner erheben wir m\u00f6glicherweise Daten der Besucher unserer Unternehmensseite, sofern die Anzeige als Besucher als Verarbeitung definiert werden kann. Wir speichern diese Daten aber nicht auf eigenen Systemen, noch werden sie \u00fcber eine gelegentliche Kenntnisnahme systematisch weiterverarbeitet.<\/p>\n<p>Die Rechtsgrundlage f\u00fcr die Verarbeitung der personenbezogenen Daten ist je nach Fallkonstellation die Verarbeitung zur Anbahnung und Durchf\u00fchrung eines Vertrages mit Ihnen nach Art. 6 Abs. 1 lit. b DSGVO (z.B. bei Fragen zu Produkten oder Dienstleistungen)<br \/>\noder auf Basis unser berechtigtes Interesse an der Kommunikation mit den Nutzern und unsere Au\u00dfendarstellung zwecks Werbung gem\u00e4\u00df Art. 6 Abs. 1 S. 1 lit. f DSGVO.<br \/>\nSofern Sie gegen\u00fcber dem Anbieter des sozialen Netzwerkes eine Einwilligung in die vorbeschriebene Datenverarbeitung mit Wirkung f\u00fcr uns gegeben haben, ist die Rechtsgrundlage Art. 6 Abs. 1 lit. a DSGVO.<\/p>\n<p>F\u00fcr diese Verarbeitungsschritte gelten unsere Informationen hinsichtlich der verantwortlichen Stelle, des Datenschutzbeauftragten und der Erkl\u00e4rung Ihrer Rechte als betroffene Person.<br \/>\nWir weisen darauf hin, dass f\u00fcr jegliche dar\u00fcber hinausgehende Verarbeitung auf unseres YouTube-Channels die Datenschutzerkl\u00e4rung der Google Dublin, Google Ireland Ltd., Gordon House, Barrow Street, Dublin 4, Ireland, Fax: +353 (1) 436 1001 oder alternativ der Google LLC, 1600 Amphitheatre Parkway, Mountain View, CA 94043, USA anwendbar ist.<br \/>\nWir haben keine nachhaltige Kenntnis und keinen Einfluss auf Art und Umfang der durch Google verarbeiteten Daten, die Art der Verarbeitung und Nutzung oder die Weitergabe dieser Daten an Dritte. Uns stehen diesbez\u00fcglich auch keine effektiven Kontrollm\u00f6glichkeiten zur Verf\u00fcgung.<br \/>\nWeitere Information zur Verarbeitung von personenbezogenen Daten durch YouTube finden Sie hier:<\/p>\n<ul>\n<li>Nutzerbedingungen: <a href=\"https:\/\/www.google.com\/analytics\/terms\/de.html\">https:\/\/www.google.com\/analytics\/terms\/de.html<\/a><\/li>\n<li>Zum Datenschutz: <a href=\"https:\/\/www.google.com\/intl\/de\/analytics\/learn\/privacy.html\">https:\/\/www.google.com\/intl\/de\/analytics\/learn\/privacy.html<\/a><\/li>\n<li>Datenschutzerkl\u00e4rung: <a href=\"https:\/\/www.google.de\/intl\/de\/policies\/privacy\">https:\/\/www.google.de\/intl\/de\/policies\/privacy<\/a>.<\/li>\n<\/ul>\n<p>F\u00fcr die F\u00e4lle, in denen personenbezogene Daten in die USA \u00fcbertragen werden, finden Standardvertragsklauseln Anwendung.<\/p>\n<p><strong>XING<\/strong><\/p>\n<p>Wir betreiben eine oder mehrere Unternehmens-Webseiten auf dem beruflichen Social-Media-Netzwerk XING, insbesondere zur Selbstdarstellung, aber auch zum Recruiting.<\/p>\n<p>Nach dem Urteil des Europ\u00e4ischen Gerichtshofes (EuGH) vom 05.06.2018, Az. C-210\/16 ist der Betreiber von Social-Media-Seiten f\u00fcr die Datenverarbeitung bei Facebook-Fanpages zumindest mitverantwortlich im Sinne des Art. 26 DSGVO.<br \/>\nWir vermuten eine analoge Anwendbarkeit dieser Entscheidung auf andere soziale Netzwerke, so auch XING. Bislang ist uns nicht bekannt, dass XING eine den Anforderungen des Art. 26 gen\u00fcgende Vereinbarung anbietet.<\/p>\n<p>Wir verarbeiten Ihre Daten lediglich dann, wenn Sie \u00fcber die XING Plattform Kontakt mit unserer Personalabteilung aufnehmen oder sich \u00fcber XING auf eine ausgeschriebene Stelle bewerben. In diesem Fall erhebt XING Ihre Daten und stellt sie uns zur Verf\u00fcgung.<br \/>\nDabei findet unter Umst\u00e4nden auch eine Speicherung und weitere Verarbeitung durch uns statt. Die Verarbeitung Ihrer personenbezogenen Daten im Falle einer Bewerbung richten sich nach unserer Bewerber-Datenschutzerkl\u00e4rung.<\/p>\n<p>Die Rechtsgrundlage f\u00fcr die Verarbeitung der personenbezogenen Daten ist je nach Fallkonstellation die Verarbeitung zur Anbahnung und Durchf\u00fchrung eines Vertrages mit Ihnen nach Art. 6 Abs. 1 lit. b DSGVO oder auf Basis unser berechtigtes Interesse an der Kommunikation mit den Nutzern und unsere Au\u00dfendarstellung zwecks Werbung gem\u00e4\u00df Art. 6 Abs. 1 lit. f DSGVO.<br \/>\nSofern Sie gegen\u00fcber dem Anbieter des sozialen Netzwerkes eine Einwilligung in die vorbeschriebene Datenverarbeitung mit Wirkung f\u00fcr uns gegeben haben, ist die Rechtsgrundlage Art. 6 Abs. 1 lit. a DSGVO.<br \/>\nDabei findet unter Umst\u00e4nden auch eine Speicherung und weitere Verarbeitung durch uns statt. Die Verarbeitung Ihrer personenbezogenen Daten im Falle einer Bewerbung richten sich nach unserer Bewerber-Datenschutzerkl\u00e4rung.<br \/>\nFerner erheben wir m\u00f6glicherweise Daten der Besucher unserer Unternehmensseite, sofern die Anzeige als Besucher als Verarbeitung definiert werden kann. Wir speichern diese Daten aber nicht auf eigenen Systemen, noch werden sie \u00fcber eine gelegentliche Kenntnisnahme systematisch weiterverarbeitet.<br \/>\nF\u00fcr diese Verarbeitungsschritte gelten unsere Informationen hinsichtlich der verantwortlichen Stelle, des Datenschutzbeauftragten und der Erkl\u00e4rung Ihrer Rechte als betroffene Person.<\/p>\n<p>Wir weisen darauf hin, dass f\u00fcr jegliche dar\u00fcber hinausgehende Verarbeitung auf unserer XING-Unternehmensseite die Datenschutzerkl\u00e4rung der XING SE, Dammtorstra\u00dfe 30, DE-20354 Hamburg, Deutschland, Tel.: +49 40 419 131-0 , Fax: +49 40 419 131-11, E-Mail: <a href=\"mailto:info@xing.com\">info@xing.com<\/a>, (im Folgenden: XING) anwendbar ist.<br \/>\nWeitere Information zur Verarbeitung von personenbezogenen Daten durch XING finden Sie hier: <a href=\"https:\/\/privacy.xing.com\/de\/datenschutzerklaerung\">https:\/\/privacy.xing.com\/de\/datenschutzerklaerung<\/a><\/p>\n<p><strong>LinkedIn<\/strong><\/p>\n<p>Unser Unternehmen betreibt einen Social-Media-Channel auf der Plattform LinkedIn.<br \/>\nNach dem Urteil des Europ\u00e4ischen Gerichtshofes (EuGH) vom 05.06.2018, Az. C-210\/16 ist der Betreiber von Social-Media-Seiten f\u00fcr die Datenverarbeitung zumindest bei Facebook-Fanpages zumindest mitverantwortlich im Sinne des Art. 26 DSGVO. Bislang ist uns nicht bekannt, dass LinkedIn eine den Anforderungen des Art. 26 DSGVO gen\u00fcgende Vereinbarung anbietet.<\/p>\n<p>Wir verarbeiten Ihre Daten lediglich dann, wenn Sie \u00fcber die LinkedIn Plattform Kontakt mit unserer Personalabteilung aufnehmen oder sich \u00fcber LinkedIn auf eine ausgeschriebene Stelle bewerben zu eben diesen Zwecken. In diesem Fall erhebt LinkedIn Ihre Daten und stellt sie uns zur Verf\u00fcgung.<br \/>\nDie Rechtsgrundlage f\u00fcr die Verarbeitung der personenbezogenen Daten ist je nach Fallkonstellation die Verarbeitung zur Anbahnung und Durchf\u00fchrung eines Vertrages mit Ihnen nach Art. 6 Abs. 1 lit. b DSGVO oder auf Basis unser berechtigtes Interesse an der Kommunikation mit den Nutzern und unsere Au\u00dfendarstellung zwecks Werbung gem\u00e4\u00df Art. 6 Abs. 1 lit. f DSGVO.<br \/>\nSofern Sie gegen\u00fcber dem Anbieter des sozialen Netzwerkes eine Einwilligung in die vorbeschriebene Datenverarbeitung mit Wirkung f\u00fcr uns gegeben haben, ist die Rechtsgrundlage Art. 6 Abs. 1 lit. a DSGVO.<br \/>\nDabei findet unter Umst\u00e4nden auch eine Speicherung und weitere Verarbeitung durch uns statt. Die Verarbeitung Ihrer personenbezogenen Daten im Falle einer Bewerbung richten sich nach unserer Bewerber-Datenschutzerkl\u00e4rung.<br \/>\nFerner erheben wir m\u00f6glicherweise Daten der Besucher unserer Unternehmensseite, sofern die Anzeige als Besucher als Verarbeitung definiert werden kann. Wir speichern diese Daten aber nicht auf eigenen Systemen, noch werden sie \u00fcber eine gelegentliche Kenntnisnahme systematisch weiterverarbeitet.<br \/>\nF\u00fcr diese Verarbeitungsschritte gelten unsere Informationen hinsichtlich der verantwortlichen Stelle, des Datenschutzbeauftragten und der Erkl\u00e4rung Ihrer Rechte als betroffene Person.<\/p>\n<p>F\u00fcr jegliche dar\u00fcber hinausgehende Verarbeitung weisen wir darauf hin, dass auf unserer LinkedIn Unternehmensseite die Datenschutzerkl\u00e4rung der LinkedIn Ireland Unlimited Company, Wilton Place, Dublin 2, Irland (im Folgenden: LinkedIn) anwendbar ist.<br \/>\nWeitere Informationen zur Verarbeitung personenbezogener Daten durch LinkedIn finden Sie unter <a href=\"https:\/\/www.linkedin.com\/legal\/privacy-policy?trk=uno-reg-guest-home-privacy-policy\">https:\/\/www.linkedin.com\/legal\/privacy-policy?trk=uno-reg-guest-home-privacy-policy<\/a>.<\/p>\n<\/div>\n<div id=\"kunden\" class=\"ce_text block\">\n<h2 style=\"font-size: 30px;\" data-fusion-font=\"true\">DATENSCHUTZERKL\u00c4RUNG F\u00dcR KUNDEN (INKL. INTERESSENTEN) UND SONSTIGEN BETROFFENEN<\/h2>\n<p><strong>Informationen zur Datenverarbeitung<\/strong><\/p>\n<p>Als Kunde und als Interessent oder sonstiger Betroffener verarbeiten wir Ihre personenbezogenen Daten prim\u00e4r zur Begr\u00fcndung und in Erf\u00fcllung eines mit Ihnen geschlossenen Vertragsverh\u00e4ltnisses oder aufgrund eines berechtigten Interesses. Ihre Daten werden von uns erhoben, gespeichert und ggf. weitergeben, soweit es erforderlich ist, um die vertraglich vereinbarte Leistung zu erbringen, Auskunft zu geben, Direktmarketing-Aktivit\u00e4ten durchzuf\u00fchren oder anderen Aktivit\u00e4ten unseres Gesch\u00e4ftsbetriebes. Eine Nichtbereitstellung kann zur Folge haben, dass der Vertrag nicht geschlossen werden kann. Dar\u00fcber hinaus verarbeiten wir Ihre Daten nur, wenn Sie in die Verarbeitung eingewilligt haben oder eine andere gesetzliche Erlaubnis vorliegt.<\/p>\n<p><strong>Zwecke der Datenverarbeitung<\/strong><\/p>\n<p>Wir verarbeiten Ihre personenbezogenen Daten zur Erreichung folgender Zwecke im Zusammenhang mit der Anbahnung und Durchf\u00fchrung einer Vertragsbeziehung oder anderer T\u00e4tigkeiten im Interesse des Unternehmens:<\/p>\n<ul>\n<li>der Vertragsabwicklung (inklusive Versand, After-Sales, Reklamationsmanagement)<\/li>\n<li>der Kommunikation mit Gesch\u00e4ftspartnern zu Produkten, Dienstleistungen und Projekten sowie zur Beantwortung von Anfragen, Kundenservice<\/li>\n<li>der Bestandskundenwerbung, Nutzung als Selektionskriterium f\u00fcr Direktmarketing, um Ihnen einen auf Sie angepassten Service bieten zu k\u00f6nnen<\/li>\n<li>der Bonit\u00e4tspr\u00fcfung<\/li>\n<li>dem Management unserer Kunden- und Lieferantenbeziehungen, H\u00e4ndlerbetreuung<\/li>\n<li>dem Qualit\u00e4tsmanagement<\/li>\n<li>der Verbesserung und Entwicklung intelligenter und innovativer Services<\/li>\n<li>der Kundenanalyse zur Markt- und Meinungsforschung<\/li>\n<li>der Abwicklung unserer Logistik\/unserer Materialwirtschaft<\/li>\n<li>der Berichterstattung \u00fcber unser Unternehmen<\/li>\n<li>der Einhaltung rechtlicher oder vertraglicher Anforderungen<\/li>\n<li>der Beilegung von Rechtsstreitigkeiten, Durchsetzung von Vertr\u00e4gen und Geltendmachung, Verteidigung und Aus\u00fcbung von Rechtsanspr\u00fcchen, Aufdeckung und Verfolgung von betr\u00fcgerischen und anderen rechtswidrigen Handlungen<\/li>\n<\/ul>\n<p>Dar\u00fcber hinaus verarbeiten wir Ihre Daten nur mit Ihrer ausdr\u00fccklichen Einwilligungserkl\u00e4rung.<\/p>\n<p><strong>Datenarten, die von uns verarbeitet werden<\/strong><\/p>\n<p>Verarbeitet werden folgende personenbezogene Daten:<\/p>\n<ul>\n<li>Kontaktdaten; Name, Adresse, Telefonnummer;<\/li>\n<li>Identifikations-\/Zahlungsdaten; Kontonummer, USt-IdNr.<\/li>\n<li>Bestelldaten: Menge, Umsatz, Intervalle<\/li>\n<li>Geodaten: Adressen, Anlieferbedingungen<\/li>\n<li>Bilddaten: Fotos und Video-Aufnahmen im Rahmen von Unternehmensevents und Messeauftritten<\/li>\n<li>Medizinische Daten<\/li>\n<li>sonstige Daten: weitere erforderliche Informationen in Bezug auf die Gesch\u00e4ftsbeziehung oder die freiwillig bereitgestellt wurden sowie aus \u00f6ffentlich verf\u00fcgbaren Quellen<\/li>\n<\/ul>\n<p><strong>Kategorien von Empf\u00e4ngern<\/strong><\/p>\n<p>Die personenbezogenen Daten werden im Rahmen der gegebenen Notwendigkeiten an Konzerngesellschaften, Aufsichtsbeh\u00f6rden, Rechtsdienstleister\/Wirtschaftspr\u00fcfer \u00fcbermittelt. Wenn wir einer rechtlichen Verpflichtung dazu unterliegen, geben wir Ihre Daten auf Anfrage an die zust\u00e4ndige Beh\u00f6rde heraus.<\/p>\n<p>Diese Dienstleister wurden von uns sorgf\u00e4ltig ausgew\u00e4hlt, schriftlich beauftragt und sind an unsere Weisungen gebunden. Unsere Dienstleister werden regelm\u00e4\u00dfig durch uns kontrolliert. Die Dienstleister werden diese Daten nicht an Dritte weitergeben, sondern sie nach Vertragserf\u00fcllung und dem Abschluss gesetzlicher Speicherfristen l\u00f6schen, soweit Sie nicht in eine dar\u00fcberhinausgehende Speicherung eingewilligt haben.<\/p>\n<p>Dabei handelt es sich z.B. um:<\/p>\n<ul>\n<li>Bank-, Zahlungsdienstleister<\/li>\n<li>Logistikunternehmen<\/li>\n<li>Handwerksfachbetriebe<\/li>\n<li>IT-Dienstleister<\/li>\n<li>Marketing-Dienstleister<\/li>\n<li>etc.<\/li>\n<\/ul>\n<p><em>Wir behalten uns bei Bestellungen auf Rechnung vor, eine Beurteilung des Kreditrisikos auf Basis von mathematisch-statistischen Verfahren durchzuf\u00fchren (Scoring). Dazu werden Ihre Daten, die zur Bonit\u00e4tspr\u00fcfung notwendig sind, an eine Wirtschaftsauskunftei (z.B. Schufa, Creditreform, B\u00fcrgel, Atradius, Coface) \u00fcbertragen. Wenn die Bonit\u00e4tspr\u00fcfung positiv ausf\u00e4llt, ist eine Bestellung auf Rechnung m\u00f6glich. F\u00e4llt die Bonit\u00e4tspr\u00fcfung negativ aus, k\u00f6nnen wir Ihnen keine Bezahlung auf Rechnung anbieten. Sie k\u00f6nnen der \u00dcbermittlung dieser Daten an die Wirtschaftsauskunftei jederzeit widersprechen, allerdings ist dann keine Bestellung auf Rechnung mehr m\u00f6glich.<\/em><\/p>\n<p><strong>Rechtsgrundlagen der Verarbeitung<\/strong><\/p>\n<p>Rechtsgrundlagen f\u00fcr die Verarbeitung Ihrer Daten sind insbesondere:<\/p>\n<ol>\n<li>6 Abs. 1 lit. a) auf Basis einer Einwilligung von Ihnen, wobei f\u00fcr einen Vertragsabschluss oder die Fortf\u00fchrung eines bestehenden Vertrages grunds\u00e4tzlich keine erforderlich ist,<\/li>\n<li>6 Abs. 1 lit. b) zur Begr\u00fcndung, der Durchf\u00fchrung und der Beendigung eines Vertragsverh\u00e4ltnisses,<\/li>\n<li>6 Abs. 1 lit. c) zur Erf\u00fcllung einer rechtlichen Verpflichtung,<\/li>\n<li>6 Abs. 1 lit. f) zur Wahrung eines berechtigten Interesses<\/li>\n<\/ol>\n<p><strong>Berechtigte Interessen<\/strong><\/p>\n<p>Unsere berechtigten Interessen liegen dabei in der Erreichung der oben genannten Zwecke und dar\u00fcber hinaus z.B. in:<\/p>\n<ul>\n<li>Wahrnehmung unseres Gesch\u00e4ftsinteresses, darunter auch des Direktmarketings und der Bonit\u00e4tspr\u00fcfung,<\/li>\n<li>der Hebung von Effizienz- und Effektivit\u00e4tspotenzialen, auch in Zusammenarbeit mit Partnern und ggf. verbundenen Unternehmen,<\/li>\n<li>der Sicherstellung der Compliance mit Sicherheitsvorschriften, Auflagen, Industrie-Standards und vertraglichen Verpflichtungen,<\/li>\n<li>der Geltendmachung, Aus\u00fcbung oder Verteidigung rechtlicher Anspr\u00fcche,<\/li>\n<li>der Vermeidung einer Sch\u00e4digung und\/oder Haftung des Unternehmens durch entsprechende Ma\u00dfnahmen<\/li>\n<li>der Durchf\u00fchrung von Informations- und Kommunikationsma\u00dfnahmen, auch werblicher Art.<\/li>\n<li>der Berichterstattung \u00fcber Unternehmensinformationen.<\/li>\n<\/ul>\n<p><strong>Daten, die von Dritten erhoben werden<\/strong><\/p>\n<p>Ggf. werden uns Daten von Dritten zur Verf\u00fcgung gestellt, z.B. im Rahmen von Empfehlungen. In diesem Fall handelt es sich in der Regel um Kontaktdaten in Verbindung mit Daten zu konkreten Produkt- bzw. Dienstleistungsbed\u00fcrfnissen.<\/p>\n<p>Ggf. erheben wir Daten von Wirtschaftsauskunfteien hinsichtlich Bonit\u00e4ten und\/oder Negativ-Merkmalen.<\/p>\n<p><strong>Speicherdauer<\/strong><\/p>\n<p>Nach der Erreichung des jeweiligen Zweckes werden Ihre Daten unter Beachtung der gesetzlichen Aufbewahrungsfristen gel\u00f6scht.<\/p>\n<\/div>\n<div id=\"bewerber\" class=\"ce_text block\">\n<h2 style=\"font-size: 30px;\" data-fusion-font=\"true\">DATENSCHUTZERKL\u00c4RUNG F\u00dcR BEWERBER<\/h2>\n<p><strong>Informationen f\u00fcr Bewerber<\/strong><\/p>\n<p>Wenn Sie sich auf eine Stelle in unserem Unternehmen bewerben, verarbeiten und speichern wir Ihre personenbezogenen Daten.<br \/>\nWir nehmen Ihre Privatsph\u00e4re sehr ernst und m\u00f6chten Sie daher an dieser Stelle \u00fcber den Umgang mit Ihren Bewerberdaten informieren.<\/p>\n<p><strong>Zweck der Datenerhebung<\/strong><\/p>\n<p>Vor dem Eintritt in unser Unternehmen bzw. w\u00e4hrend des Bewerbungsprozesses verarbeiten wir Ihre personenbezogenen Daten ausschlie\u00dflich zum Zweck der Begr\u00fcndung eines Vertragsverh\u00e4ltnisses in gebotenem Umfang.<\/p>\n<p><strong>Datenarten, die von uns verarbeitet werden<\/strong><\/p>\n<p>Verarbeitet werden regelm\u00e4\u00dfig folgende personenbezogene Datenarten:<\/p>\n<ul>\n<li>Bewerberdaten; Name Geburtsdatum, Lebenslauf, Staatsangeh\u00f6rigkeit\/Arbeitserlaubnis, etc. f\u00fcr das Auswahl-, Einstellungsverfahren, Ein- und Austrittsmanagement,<\/li>\n<li>private Kontaktdaten; Adresse, Telefonnummer, E-Mail (zum Zwecke der Kontaktaufnahme),<\/li>\n<li>Daten im Rahmen des Personalscreenings (z.B. polizeiliches F\u00fchrungszeugnis, Zuverl\u00e4ssigkeitspr\u00fcfung (ZUP));<\/li>\n<li>Daten die einem Berufsgeheimnis unterliegen; z.B. Daten \u00fcber gesundheitliche Eignung und etwaige Einschr\u00e4nkungen<\/li>\n<li>sonstige Daten in der Personalverwaltung: Schwerbehinderung (sofern relevant), F\u00fchrerscheininhaberschaft<\/li>\n<\/ul>\n<p>Wir ben\u00f6tigen von Ihnen <strong>keine<\/strong> Informationen, die nach dem allgemeinen Gleichbehandlungsgesetz (AGG) nicht verwertbar sind (Rasse, ethnische Herkunft, Geschlecht, Schwangerschaft, Angaben zu physischer oder psychischer Krankheit, Mitgliedschaft in einer Gewerkschaft, Religion oder Weltanschauung, Behinderung, Alter, sexuelle Identit\u00e4t oder Sexualleben), sofern f\u00fcr die ausgeschriebene Stelle nicht relevant.<\/p>\n<p>Wir bitten darum, solche Daten nicht an uns zu \u00fcbermitteln. Dasselbe gilt f\u00fcr Inhalte, die geeignet sind, Rechte Dritter zu verletzen (z.B. Urheberrechte, Leistungsschutzrechte oder andere Immaterialg\u00fcterrechte, Pers\u00f6nlichkeitsrechte, Presserecht oder allgemeine Rechte Dritter).<\/p>\n<p><strong>Rechtsgrundlagen der Verarbeitung<\/strong><\/p>\n<ul>\n<li>zur Begr\u00fcndung, Durchf\u00fchrung und Beendigung eines Vertragsverh\u00e4ltnisses nach Art. 6 Abs. 1 lit. b DSGVO i.V.m. \u00a7 26 BDSG (Fassung ab 25.5.2018),<\/li>\n<li>zur Erf\u00fcllung einer rechtlichen Verpflichtung nach Art. 6 Abs. 1 lit. c DSGVO,<\/li>\n<li>im Falle der Verarbeitung zur Wahrung eines berechtigten Interesses nach Art. 6 Abs. 1 lit. f DSGVO,<\/li>\n<li>sowie auf Basis einer Einwilligung von Ihnen durch freiwillige \u00dcberlassung von Daten, die f\u00fcr den Zweck nicht zwingend erforderlich sind, etwa Hobbys im Lebenslauf.<br \/>\nEine solche ist allerdings grunds\u00e4tzlich f\u00fcr einen Vertragsabschluss oder die Fortf\u00fchrung eines bestehenden Vertrages nicht erforderlich. Rechtsgrundlage ist Art. 6 Abs. 1 lit a DSGVO.<\/li>\n<\/ul>\n<p><strong>Unsere berechtigten Interessen liegen dabei z.B. in<\/strong><\/p>\n<ul>\n<li>der Optimierung der Bewerbungsprozesse,<\/li>\n<li>Erzielung von Effizienz-Gewinnen durch B\u00fcndelung von Leistungen in einzelnen Konzern-Gesellschaften (insbesondere Personal, IT),<\/li>\n<li>der Sicherstellung der Compliance mit Sicherheitsvorschriften, Auflagen, Industrie-Standards und vertraglichen Verpflichtungen,<\/li>\n<li>der Geltendmachung, Aus\u00fcbung oder Verteidigung rechtlicher Anspr\u00fcche,<\/li>\n<li>der Vermeidung einer Sch\u00e4digung und\/oder Haftung des Unternehmens durch entsprechende Ma\u00dfnahmen.<\/li>\n<\/ul>\n<p><strong>Kategorien von Empf\u00e4ngern<\/strong><\/p>\n<ul>\n<li>Interne Empf\u00e4nger nach dem \u201eneed to know&#8220;-Prinzip,<\/li>\n<li>Gesellschaftsrechtlich verbundene Unternehmen (Konzernunternehmen) als gemeinsame Verantwortliche:<br \/>\nDie wesentlichen Inhalte der Regelung der Aufgaben in Bezug auf die Rechte Betroffener k\u00f6nnen unter angegebener Kontaktadresse erfragt werden,<br \/>\nnach Art. 26 Abs. 3 DSGVO k\u00f6nnen diese Rechte jedoch von Betroffenen bei allen involvierten Unternehmen eingefordert werden.<\/li>\n<\/ul>\n<p><strong>L\u00f6schfristen<\/strong><\/p>\n<p>Nach der Erreichung des jeweiligen Zweckes werden Ihre Daten gel\u00f6scht. Daten werden jedoch so lange aufbewahrt, wie es zur Verteidigung von Rechtsanspr\u00fcchen n\u00f6tig ist. Die Speicherfrist liegt in der Regel bei 6 Monaten. Wurde uns Ihr Profil von einem Personaldienstleister \u00fcbermittelt und bestehen Provisionsanspr\u00fcchen dieses Dienstleisters, kann die Speicherfrist bis zu deren Erf\u00fcllung oder Verj\u00e4hrung betragen. Sofern buchhalterisch relevante Verarbeitungen vorgenommen wurden, wie etwa die Erstattung von Reisespesen, werden die hierf\u00fcr notwendigen Daten unter Beachtung der gesetzlichen Aufbewahrungsfristen, i.d.R. 6 oder 10 Jahre, gel\u00f6scht. Sofern die Bewerbung erfolgreich war und wir einen Vertrag mit Ihnen schlie\u00dfen, \u00fcberf\u00fchren wir die im Rahmen des Bewerbungsprozesses erhobenen Daten in unsere Personalakte.<\/p>\n<\/div>\n<div id=\"mitarbeiter\" class=\"ce_text block\">\n<h2 style=\"font-size: 30px;\" data-fusion-font=\"true\">DATENSCHUTZERKL\u00c4RUNG F\u00dcR MITARBEITER<\/h2>\n<p><strong>Informationen zur Datenverarbeitung<\/strong><\/p>\n<p>Hiermit m\u00f6chten wir unsere Mitarbeiter \u00fcber unseren Umgang mit ihren personenbezogenen Daten im Rahmen des Arbeitsverh\u00e4ltnisses informieren.<\/p>\n<p><strong>Zweck der Datenerhebung<\/strong><\/p>\n<p>W\u00e4hrend der Zeit Ihrer Besch\u00e4ftigung werden Ihre personenbezogenen Daten haupts\u00e4chlich zur Durchf\u00fchrung und\/oder zur Beendigung des Vertragsverh\u00e4ltnisses inkl. der mit der jeweiligen T\u00e4tigkeit verbundenen Aufgaben verarbeitet. Weitere Zwecke k\u00f6nnen in der Verarbeitung zu Zwecken der Befolgung von Rechtsvorschriften (inkl. Auskunftsanspr\u00fcchen Dritter) liegen oder in Ma\u00dfnahmen zur Unternehmensentwicklung oder -kommunikation.<\/p>\n<p><strong>Datenarten, die von uns verarbeitet werden<\/strong><\/p>\n<p>Im Rahmen Ihres Arbeitsverh\u00e4ltnisses verarbeiten wir die folgenden personenbezogenen Daten:<\/p>\n<ul>\n<li>Bewerberdaten; Name Geburtsdatum, Lebenslauf, Zeugnisse, Immatrikulationsbescheinigung bei Studierenden, ggf. Arbeitserlaubnis, F\u00fchrerschein f\u00fcr den Eintrittsprozess;<\/li>\n<li>private Kontaktdaten; Adresse, Telefonnummer, E-Mail;<\/li>\n<li>dienstliche Kontaktdaten; z.B. Telefonnummern, E-Mail, Arbeitsort, Stellenbezeichnung;<\/li>\n<li>Bilddaten; Foto zur Identifikation und Aufnahmen im Rahmen betrieblicher Anl\u00e4sse;<\/li>\n<li>Identifikations-\/Zahlungsdaten; Personalausweisdaten bzw. Arbeitserlaubnis zur Identifikation und Feststellung der Legitimit\u00e4t der Besch\u00e4ftigung, Geburtsort, Familienstand, bei Elterneigenschaft Nachweis durch Geburtsurkunde(n) des (der) Kindes (r), Steueridentifikationsnummer, Krankenkassenmitgliedschaft, Sozialversicherungsnummer (Kopie des Sozialversicherungsausweises oder Schreiben des Rentenversicherungstr\u00e4gers), Lohnsteuerklasse, Freibetr\u00e4ge, Konfessionszugeh\u00f6rigkeit f\u00fcr Kirchensteuer, Kontonummer, etwaige Lohnpf\u00e4ndungen (zum Zwecke der Entgeltabrechnung und Erf\u00fcllung sozialversicherungsrechtliche, steuerrechtliche u.a. rechtliche Verpflichtungen);<\/li>\n<li>Gesundheitsdaten; Fehl-\/Arbeitsunf\u00e4higkeitszeiten, z.B. im Rahmen der Gehaltsabrechnung, zur Abrechnung mit Krankenkassen bzw. Berufsgenossenschaften oder im Rahmen der gesetzlichen Verpflichtungen als Arbeitgeber wie z.B. dem betrieblichen Eingliederungsmanagement oder der Pflichterf\u00fcllung im Schwerbehindertenschutz oder im Rahmen der betrieblichen Selbstkontrolle wie dem Arbeitsschutz oder betriebs\u00e4rztliche Untersuchungen;<\/li>\n<li>Zeiterfassungs-, Zutritts- und Nutzungsdaten; Urlaubszeiten, Arbeitszeitkonten, ggf. Schichtpl\u00e4ne, Schlie\u00dfzeiten bzw. Zutrittsprotokolle, Zeitprotokolle bez. der durchgef\u00fchrten T\u00e4tigkeiten, Schlie\u00dfzeiten bzw. Zutrittsprotokolle, auch elektronische Protokolle im Rahmen der Nutzung unserer IT-Infrastruktur, etc.;<\/li>\n<li>Daten im Rahmen des Personalscreenings; sofern im Anwendungsbereich des Informations-Managementsystems: z.B. polizeiliches F\u00fchrungszeugnis;<\/li>\n<li>Daten zur Eignung und zur Leistungs-\/Verhaltenskontrolle; Schulungs- und Weiterbildungsinformationen, Daten zum Zwecke der Messung der Zielerreichung, z.B. f\u00fcr variablen Verg\u00fctungsanteil, Daten zu arbeitsrechtlich relevanten Vorkommnissen; Daten zu Verst\u00f6\u00dfen gegen Regelungen des Stra\u00dfenverkehrs (\u201eKn\u00f6llchen\u201c);<\/li>\n<li>sonstige Daten in der Personalverwaltung: Nebenbesch\u00e4ftigungen, Daten im Rahmen der betrieblichen Gesundheitsvorsorge und des betrieblichen Gesundheitsmanagements, des Arbeitsschutzes, ggf. Kopie des Schwerbehindertenausweis, ggf. Kopie des F\u00fchrerscheins, etwaige Mitarbeiterbefragungen;<\/li>\n<\/ul>\n<p><strong>Kategorien von Empf\u00e4ngern<\/strong><\/p>\n<p>An folgende Empf\u00e4nger \u00fcbersenden wir Ihre personenbezogenen Daten z.B. um gesetzlichen Verpflichtungen oder Verpflichtungen aus dem Arbeitsverh\u00e4ltnis nachzukommen<strong>:<\/strong><\/p>\n<p><strong>\u00a0<\/strong><\/p>\n<p>&nbsp;<\/p>\n<ul>\n<li>Bankdienstleister, Finanzdienstleister, ggf. Dienstleister zur Berechnung der Pensionsr\u00fcckstellungen,<\/li>\n<li>Dienstleister zur Abrechnung der Arbeitsentgelte &#8211; Steuerberater, Wirtschaftspr\u00fcfer, Dienstleistungsunternehmen f\u00fcr Informations- und Kommunikationstechnik, Unternehmen f\u00fcr Software- und Ger\u00e4tewartung, Dienstleister nur Neustrukturierung im Personalbereich,<\/li>\n<li>Kranken-, Sozial-, Renten- und Unfall-Versicherungstr\u00e4ger sowie sonstige Versicherungsunternehmen und Tr\u00e4ger verm\u00f6genswirksamer Leistungen,<\/li>\n<li>Beh\u00f6rden wie z.B. Finanzbeh\u00f6rden, Sozialkassen, Arbeitsagenturen, ggf. Sicherheits-, Gesundheits-, Stra\u00dfenverkehrs- bzw. diesbez\u00fcgliche Bu\u00dfgeldstellen, Zollbeh\u00f6rden bzw. \u00dcberwachungsstellen f\u00fcr Schwarzarbeit und Mindestlohn; sonstige Beh\u00f6rden,<\/li>\n<li>Betriebs\u00e4rztlicher Dienst,<\/li>\n<li>Gesellschaftsrechtlich verbundene Unternehmen (Konzernunternehmen) und Verantwortliche in gemeinsamer Verantwortung: die wesentlichen Inhalte der Regelung der Aufgaben in Bezug auf die Rechte Betroffener k\u00f6nnen unter angegebener Kontaktadresse erfragt werden, nach Art. 26 Abs. 3 DSGVO k\u00f6nnen diese Rechte jedoch von Betroffenen bei allen involvierten Unternehmen eingefordert werden,<\/li>\n<li>Drittschuldner im Falle der Lohnpf\u00e4ndung, Insolvenzverwalter im Falle der Privatinsolvenz<\/li>\n<li>Gesch\u00e4ftspartner und Kunden (dienstliche Kontaktdaten), Leiharbeitsfirmen<\/li>\n<\/ul>\n<p><strong>Rechtsgrundlagen der Verarbeitung<\/strong><\/p>\n<p>Bei der Verarbeitung Ihrer personenbezogenen Daten halten wir uns selbstverst\u00e4ndlich an geltendes Recht. Eine Verarbeitung erfolgt daher nur auf einer Rechtsgrundlage. Folgende Rechtsgrundlagen kommen insbesondere im Arbeitsverh\u00e4ltnis in Betracht:<\/p>\n<ol>\n<li>26 BDSG (Fassung ab 25.05.2018) soweit erforderlich zur Durchf\u00fchrung des Besch\u00e4ftigungsverh\u00e4ltnisses oder zur Aufkl\u00e4rung eines konkreten Verdachts auf Straftaten<\/li>\n<li>6 Abs. 1 lit. a) auf Basis einer Einwilligung von Ihnen, wobei f\u00fcr einen Vertragsabschluss oder die Fortf\u00fchrung eines bestehenden Vertrages grunds\u00e4tzlich keine erforderlich ist,<\/li>\n<li>6 Abs. 1 lit. b) zur Begr\u00fcndung, der Durchf\u00fchrung und der Beendigung eines Vertragsverh\u00e4ltnisses,<\/li>\n<li>6 Abs. 1 lit. c) zur Erf\u00fcllung einer rechtlichen Verpflichtung,<\/li>\n<li>6 Abs. 1 lit. f) zur Wahrung eines berechtigten Interesses<\/li>\n<li>88 DSGVO auf Basis von Kollektivvereinbarungen (Betriebsvereinbarungen)<\/li>\n<\/ol>\n<p><strong>Berechtigte Interessen<\/strong><\/p>\n<p>Wenn wir Ihre Daten im Rahmen unseres berechtigten Interesses verarbeiten liegt dieses z.B. in:<\/p>\n<ul>\n<li>der Durchf\u00fchrung elektronischer Zugangskontrollen,<\/li>\n<li>der Optimierung der Personalplanung,<\/li>\n<li>die Erzielung von Effizienz-Gewinnen durch B\u00fcndelung von Leistungen in einzelnen Konzern-Gesellschaften (insbesondere Personal, IT, Beschaffung)<\/li>\n<li>der Sicherstellung der Compliance mit Sicherheitsvorschriften, Auflagen, Industrie-Standards und vertraglichen Verpflichtungen,<\/li>\n<li>der Geltendmachung, Aus\u00fcbung oder Verteidigung rechtlicher Anspr\u00fcche, inkl. Daten zur Dokumentation von Leistungsstr\u00f6men<\/li>\n<li>der Vermeidung einer Sch\u00e4digung und\/oder Haftung des Unternehmens durch entsprechende Ma\u00dfnahmen.<\/li>\n<li>der Durchf\u00fchrung betriebsinterner Informations- und Kommunikationsma\u00dfnahmen.<\/li>\n<li>der Berichterstattung \u00fcber Unternehmensinformationen.<\/li>\n<\/ul>\n<p>Gegen eine Verarbeitung personenbezogener Daten im Rahmen eines berechtigten Interesses steht Ihnen aus Gr\u00fcnden, die sich aus Ihrer besonderen Situation ergeben, ein Widerspruchsrecht gegen die Verarbeitung zu. Wir verarbeiten Ihre Daten dann nicht mehr, es sei denn, wir k\u00f6nnen zwingende schutzw\u00fcrdige Gr\u00fcnde unsererseits nachweisen, die Ihre Rechte und Freiheiten \u00fcberwiegen, oder die Verarbeitung dient der Geltendmachung, Aus\u00fcbung oder Verteidigung von Rechtsanspr\u00fcchen.<\/p>\n<p>Wir verwenden die von Ihnen zur Verf\u00fcgung gestellten personenbezogenen Daten nicht, um Sie betreffende automatisierte Entscheidungen zu treffen.<\/p>\n<p><strong>Daten, die von Dritten erhoben werden<\/strong><\/p>\n<p>\u00dcber das ELSTAM-Verfahren erheben wir Daten zur Lohnabrechnung, welche uns die Finanzverwaltung zur korrekten Abrechnung zur Verf\u00fcgung stellt.<br \/>\nDies betrifft insbesondere die unten genannten Daten zur Lohnabrechnung.<\/p>\n<p>Ab 2021 sind wir durch die Einf\u00fchrung der elektronischen Arbeitsunf\u00e4higkeitsbescheinigung verpflichtet, auf Grundlage einer Krankmeldung Ihrerseits die AU-Daten (d.h. Beginn und Dauer der Arbeitsunf\u00e4higkeit, sowie den Zeitpunkt der Beendigung der Entgeltfortzahlung im Krankheitsfall) von Ihrer Krankenversicherung abzurufen.<\/p>\n<p>Hinweis: Die \u00fcbergreifenden Angaben sind auf unserer Datenschutz-Hauptseite zu finden.<\/p>\n<p><strong>Speicherdauer<\/strong><\/p>\n<p>Nach der Erreichung des jeweiligen Zweckes werden Ihre Daten unter Beachtung der gesetzlichen Aufbewahrungsfristen, i.d.R. 6 oder 10 Jahre, bei verschiedenen Datenkategorien wie beruflicher Altersvorsorge 30 Jahren und l\u00e4nger, gel\u00f6scht.<\/p>\n<\/div>\n<div id=\"videoueberwachung\" class=\"ce_text block\">\n<h2 style=\"font-size: 30px;\" data-fusion-font=\"true\">DATENSCHUTZERKL\u00c4RUNG F\u00dcR VIDEO\u00dcBERWACHUNG<\/h2>\n<p><strong>Informationen zur Datenerhebung<\/strong><\/p>\n<p>Wir nutzen Video\u00fcberwachungssystem auf unserem Firmengel\u00e4nde zur \u00dcberwachung \u00f6ffentlich zug\u00e4nglicher Fl\u00e4chen, insbesondere im Au\u00dfenbereich sowie im Bereich der Serverr\u00e4ume.<br \/>\nWir verarbeiten Ihre personenbezogenen Daten im Rahmen der Video\u00fcberwachung prim\u00e4r in Wahrnehmung unserer berechtigten Interessen.<\/p>\n<p><strong>Rechtsgrundlage der Video\u00fcberwachung<\/strong><\/p>\n<p>Rechtsgrundlage f\u00fcr die Verarbeitung Ihrer personenbezogenen Daten im Rahmen der Video\u00fcberwachung sind insbesondere:<\/p>\n<ol>\n<li>6 Abs. 1 lit. f) zur Wahrung eines berechtigten Interesses<\/li>\n<li>auf Basis des Art. 88 DSGVO i.V.m. \u00a726 Abs.1 Satz 2 BDSG(neu) oder entsprechend abgeschlossenen Betriebsvereinbarungen<\/li>\n<\/ol>\n<p><strong>Berechtigte Interessen<\/strong><\/p>\n<p>Unsere berechtigten Interessen liegen dabei z.B. in<\/p>\n<ul>\n<li>der Herstellung von Sicherheit und Ordnung auf dem Betriebsgel\u00e4nde (Vandalismuspr\u00e4vention, Hausrecht)<\/li>\n<li>der Geltendmachung, Aus\u00fcbung oder Verteidigung rechtlicher Anspr\u00fcche<\/li>\n<li>der Vermeidung einer Sch\u00e4digung und\/oder Haftung des Unternehmens durch entsprechende Ma\u00dfnahmen (Schutz des Eigentums)<\/li>\n<li>der Sicherstellung der Compliance mit Sicherheitsvorschriften, Auflagen, Standards- oder vertraglichen Verpflichtungen<\/li>\n<li>die Erzielung von Effizienz-Gewinnen durch B\u00fcndelung von Leistungen in einzelnen Konzern-Gesellschaften (insbesondere IT, Unternehmenssicherheit, Rechtsabteilung)<\/li>\n<\/ul>\n<p><strong>Zwecke der Datenerhebung<\/strong><\/p>\n<p>Der Zweck der Video\u00fcberwachung liegt i.d.R. in der Wahrnehmung eines der oben genannten berechtigten Interessen.<\/p>\n<p><strong>Dauer der Speicherung<\/strong><\/p>\n<p>Die Videodaten werden f\u00fcr die Dauer von 7 Tagen gespeichert. Danach werden die Daten automatisch gel\u00f6scht.<\/p>\n<p><strong>\u00a0<\/strong><\/p>\n<p>&nbsp;<\/p>\n<p><strong>Datenarten, die von uns verarbeitet werden<\/strong><\/p>\n<ul>\n<li>Visuelle Daten<\/li>\n<\/ul>\n<p><strong>Kategorien von Empf\u00e4ngern<\/strong><\/p>\n<ul>\n<li>verbundene Unternehmen<\/li>\n<li>\u00dcbermittlung an Sicherheitsdienstleister<\/li>\n<li>\u00dcbermittlung an Rechtsberater zur Vorbereitung von rechtlichen Ma\u00dfnahmen<\/li>\n<li>\u00dcbermittlung an Strafverfolgungsbeh\u00f6rden<\/li>\n<\/ul>\n<div id=\"whistleblowing\" class=\"ce_text last block\">\n<h2 style=\"font-size: 30px;\" data-fusion-font=\"true\">Datenschutzerkl\u00e4rung f\u00fcr Whistleblowing<\/h2>\n<p>Wenn ein interner oder externer Hinweisgeber eine regelwidrige Handlung im Unternehmen meldet, spricht man von \u201eWhistleblowing\u201c. Diese vertrauliche Meldung kann Hinweise und begr\u00fcndete Verdachtsmomente zu tats\u00e4chlichen oder potenziellen Verst\u00f6\u00dfen, die entweder bereits begangen wurden oder sehr wahrscheinlich erfolgen werden, betreffen. Ein Hinweisgebersystem bietet also die M\u00f6glichkeit, potenzielle Verst\u00f6\u00dfe aufzudecken.<\/p>\n<p>&#8222;Die EU-Whistleblower-Richtlinie (Richtlinie (EU) 2019\/1937 des EU-Parlaments und des Rates vom 23. Oktober 2019 zum Schutz von Personen, die Verst\u00f6\u00dfe gegen das Unionsrecht melden) hat sich zum Ziel gesetzt, Personen zu sch\u00fctzen, die Verst\u00f6\u00dfe melden. Dar\u00fcber hinaus werden Personen gesch\u00fctzt, die Gegenstand einer Meldung oder Offenlegung sind, sowie sonstige Personen, die von einer Meldung oder Offenlegung betroffen sind. F\u00fcr Deutschland sind die Vorgaben im HinSchG definiert. Dadurch kommt es zu einer gesetzlichen Verpflichtung zur Einf\u00fchrung eines Hinweisgeberverfahrens (sogenannte \u201einterne Meldestelle\u201c).<\/p>\n<p>Bei Verdacht auf Gesetzesverst\u00f6\u00dfe, unethisches Verhalten oder sonstigem Fehlverhalten steht Ihnen die Hinweisgeber-Meldestelle\/Portal zur Verf\u00fcgung. Unsere Mitarbeitenden, Kunden, Lieferanten und Gesch\u00e4ftspartner k\u00f6nnen diese nutzen, um vermutete oder tats\u00e4chliche Verst\u00f6\u00dfe zu melden.<\/p>\n<p>Solche Verst\u00f6\u00dfe beinhalten zum Beispiel:<\/p>\n<ul>\n<li>Betrug, Diebstahl, Veruntreuung<\/li>\n<li>Bestechung\/Korruption<\/li>\n<li>Vergehen betreffend das Lieferanten-Sorgfaltsgesetz bzw. Lieferkettengesetz<\/li>\n<li>Kartellrechtsverst\u00f6\u00dfe<\/li>\n<li>Verletzung der Datenschutz- oder IT-Sicherheitsrichtlinien<\/li>\n<li>Produktsicherheit<\/li>\n<li>Verst\u00f6\u00dfe gegen Umweltschutzauflagen<\/li>\n<li>Interessenkonflikte<\/li>\n<li>Sexuelle Bel\u00e4stigung, Diskriminierung, Verst\u00f6\u00dfe gegen die pers\u00f6nliche Integrit\u00e4t<\/li>\n<\/ul>\n<h3>Vorgehen beim Melden von Verdachtsf\u00e4llen<\/h3>\n<p>Wenn Sie der \u00dcberzeugung sind, dass das Vorgehen eines oder mehrerer Mitarbeitenden ein Fehlverhalten darstellt, sollen Sie diese Bedenken grunds\u00e4tzlich Ihrer\/m Vorgesetzten melden. Sollten Sie aus berechtigtem Grund Unbehagen versp\u00fcren, dies mit Ihrer\/m Vorgesetzten zu kl\u00e4ren oder negative Konsequenzen f\u00fcr sich selbst bef\u00fcrchten, etwa Repressalien, ungerechte Behandlung oder Entlassung, k\u00f6nnen Sie auch die\/den \u00fcbergeordneten Vorgesetzte\/n kontaktieren.<\/p>\n<h3>Nutzung des Hinweisgeberportals<\/h3>\n<p>Am sichersten setzen Sie eine Meldung ab, indem Sie im Browser Ihres privaten Ger\u00e4tes folgende Adresse \u00f6ffnen: <a href=\"https:\/\/baggroup.hinweisgebersystem.online\/\" target=\"_blank\" rel=\"noopener\">https:\/\/baggroup.hinweisgebersystem.online\/<\/a>.<br \/>\nDieses Portal garantiert eine unabh\u00e4ngige und anonyme Verarbeitung der angezeigten Vorg\u00e4nge.<\/p>\n<p>Sollten der Hinweisgeber\/die Hinweisgeberin (Whistleblower) pers\u00f6nliche Interessen innerhalb der erhobenen Angelegenheit haben, sollten sie dies von Anfang an mitteilen.<\/p>\n<h3>Gemeinsame Verantwortung bei gemeinsamer Meldestelle f\u00fcr Unternehmensgruppe<\/h3>\n<p>Die Meldestelle wird in gemeinsamer Verantwortung nach Art. 26 DSGVO mit anderen verbundenen Unternehmen betrieben.<br \/>\nDie teilnehmenden Unternehmen haben eine Vereinbarung nach Art. 26 DSGVO abgeschlossen, die auf Anfrage bereitgestellt wird.<\/p>\n<p>Teilnehmende verbundene Unternehmen sind:<\/p>\n<ul>\n<li>BAG Holding GmbH<\/li>\n<li>BAG Health Care GmbH<\/li>\n<li>BAG Diagnostics GmbH<\/li>\n<\/ul>\n<h3>Falsche Ausk\u00fcnfte<\/h3>\n<p>Das Unternehmen wird alle Meldungen \u00fcber Fehlverhalten ernsthaft behandeln und Personen sch\u00fctzen, die in gutem Glauben Beschwerden vortragen. Allerdings kann disziplinarisch oder juristisch gegen Hinweisgeber vorgegangen werden, die Hinweise oder Ausk\u00fcnfte erteilen, die falsch sind. F\u00fcr falsche Hinweise oder gar Verleumdungen schlie\u00dft das Hinweisgeberschutzgesetz einen Schutz der Identit\u00e4t des Hinweisgebers explizit aus. In solchen F\u00e4llen ist der b\u00f6swillige Hinweisgeber sogar zum Ersatz des Schadens verpflichtet (\u00a7 38 HinSchG).<\/p>\n<h3>Umgang mit Hinweisen<\/h3>\n<p>Eingehende Meldungen werden nach einem standardisierten und fairen Prozess bearbeitet. S\u00e4mtliche empfangenen Informationen werden streng vertraulich behandelt, Meldungen k\u00f6nnen auf Wunsch anonym abgesetzt werden, wobei die Anonymit\u00e4t auch im weiteren Prozessablauf in jedem Fall gew\u00e4hrleistet bleibt.<\/p>\n<p>Nach Ihrer Meldung erhalten Sie innerhalb von 7 Tagen eine Mitteilung \u00fcber den Eingang und die Kenntnisnahme der Meldung. Dabei k\u00f6nnen Sie sich auf einen diskreten und vertraulichen Umgang mit den Informationen verlassen. Sp\u00e4testens 3 Monate nach Ihrer Meldung werden Sie \u00fcber die Informationen aus dem Untersuchungsprozess und entsprechenden Folgema\u00dfnahmen informiert.<\/p>\n<p>Das Hinweisgeberschutzgesetz beinhaltet den Schutz vor Benachteiligungen durch die Abgabe des Hinweises. Der Hinweisgeber hat deshalb keinerlei negative Konsequenzen zu bef\u00fcrchten. Werden Verst\u00f6\u00dfe gegen deutsches Recht gemeldet, sch\u00fctzt das Gesetz den Hinweisgeber vor jeglichen negativen Konsequenzen. Zudem haftet der Hinweisgeber nicht f\u00fcr den Schaden, der bei der Aufdeckung des Versto\u00dfes entsteht.<\/p>\n<p>Der Schutz der Identit\u00e4t des Hinweisgebers ist oberste Priorit\u00e4t des Hinweisgeberschutzgesetzes. Dieses wird durch die M\u00f6glichkeit zur vertraulichen Meldung gew\u00e4hrleistet. Die Identit\u00e4t des Hinweisgebers wird nur mit dessen Zustimmung mitgeteilt. Eine Ausnahme tritt bei gerichtlichen oder beh\u00f6rdlichen Untersuchungen ein. Hier wird der Hinweisgeber vor der Mitteilung seiner Identit\u00e4t informiert.<\/p>\n<h3>Verarbeitete Daten, Zwecke der Verarbeitung und Rechtsgrundlagen<\/h3>\n<p>Die Verarbeitung der personenbezogenen Daten umfasst<\/p>\n<ul>\n<li>die Daten zum Hinweisgeber (sofern nicht anonym gemeldet), ggf. zu Beschuldigten und anderen involvierten Personen (z.B. Zeugen)<\/li>\n<li>weitere vom Inhalt der Meldung abh\u00e4ngende Daten (Daten in der Meldung)<\/li>\n<li>ferner die damit zusammenh\u00e4ngenden, im Rahmen interner Ermittlungen verarbeiteten Daten.<\/li>\n<\/ul>\n<p>Die Zwecke der Verarbeitung sind die Ermittlung und ggf. der Nachweis von Verst\u00f6\u00dfen gegen geltendes Recht und\/oder interne Anweisungen sowie die Verteidigung des Unternehmens gegen Rechtsanspr\u00fcche und etwaige beh\u00f6rdliche Ermittlungen und Verfahren durch Dokumentation der Verarbeitung, Verfahren und Ermittlungen.<\/p>\n<p>Die Rechtsgrundlagen sind<\/p>\n<ul>\n<li>im Wesentlichen die Rechtspflicht zur Verarbeitung nach Art. 6 Abs. 1 lit. C DSGVO i.V.m. <a href=\"https:\/\/www.hinweisgeber-system.info\/hinweisgeberschutzgesetz-hinschg\/%c2%a7-10-verarbeitung-personenbezogener-daten\/\">\u00a7 10ff. HinSchG<\/a>, soweit es sich auf die Inhalte von Meldungen bezieht<\/li>\n<li>zudem Art. 6 Abs. 1 lit. a DSGVO, sofern Daten freiwillig und ohne Notwendigkeit \u00fcberlassen werden oder Daten auf Basis einer Einwilligung weiterverarbeitet werden.<br \/>\nDie Einwilligung kann mit Wirkung zum Zeitpunkt des Widerrufs jederzeit widerrufen werden.<\/li>\n<li>hilfsweise auch Art. 6 Abs. 1 lit f DSGVO als berechtigtes Interesse, wenn es etwaige entgegenstehende Interessen ber\u00fchrt, etwa zur Dokumentation im Unternehmen um Haftung zu vermeiden oder sich gegen unberechtigte Rechtsanspr\u00fcche zu wehren oder in etwaigen rechtlichen Verfahren sich zu verteidigen.<\/li>\n<\/ul>\n<h3>Empf\u00e4nger(-kategorien)<\/h3>\n<p>Die Meldestelle wird von einem externen Dienstleister betrieben, der wiederum eine Cloud-basierte Hinweisgeber- und Kommunikationsplattform einsetzt.<br \/>\nFerner werden Daten nach Ma\u00dfgabe des HinSchG innerhalb des Unternehmens bzw. der Unternehmensgruppe an die entsprechenden internen Abteilungen weitergegeben.<br \/>\nAls weitere Empf\u00e4nger kommen weitere externe Dienstleister, wie Rechtsdienstleister und\/oder Forensiker sowie je nach Umstand hinzugezogene Berater in Betracht.<\/p>\n<h3>Sonstige Hinweise<\/h3>\n<p>Es gelten die in der \u00fcbergeordneten Seite der Datenschutzerkl\u00e4rung genannten Betroffenenrechte.<\/p>\n<p>Eine \u00dcbermittlung in Drittl\u00e4nder ist nicht vorgesehen.<\/p>\n<h3>L\u00f6schung der Daten<\/h3>\n<p>Alle mit der Meldung \/ dem Fall zusammenh\u00e4ngenden Daten werden gem. <a href=\"https:\/\/www.hinweisgeber-system.info\/hinweisgeberschutzgesetz-hinschg\/%c2%a7-11-dokumentation-der-meldungen\/\">\u00a7 11 Abs. 5 HinSchG<\/a> 3 Jahre nach Abschluss des Verfahrens gel\u00f6scht, sofern nicht andere Rechtsgrundlagen vorliegen, den Fall l\u00e4nger aufzubewahren.<br \/>\nDies k\u00f6nnte dann gegeben sein, wenn aufgrund von handels- oder steuerrechtlichen Vorschriften l\u00e4ngere Aufbewahrungsfristen bestehen.<\/p>\n<\/div>\n<\/div>\n<\/div><div ><a class=\"fusion-button button-flat button-large button-default fusion-button-default button-1 fusion-button-default-span fusion-button-default-type\" style=\"--button-border-radius-top-left:8px;--button-border-radius-top-right:8px;--button-border-radius-bottom-right:8px;--button-border-radius-bottom-left:8px;\" target=\"_self\" href=\"https:\/\/www.bag-healthcare.com\/wp-content\/uploads\/2025\/06\/allgemeine_einkaufsbedingungen_hc2022.pdf\"><i class=\"fa-cloud-download-alt fas button-icon-left\" aria-hidden=\"true\"><\/i><span class=\"fusion-button-text\">Allgemeine Einkaufsbedingungen BAG Healthcare GmbH<\/span><\/a><\/div><\/div><\/div><\/div><\/div>\n","protected":false},"excerpt":{"rendered":"","protected":false},"author":1,"featured_media":0,"parent":0,"menu_order":0,"comment_status":"closed","ping_status":"open","template":"100-width.php","meta":{"footnotes":""},"class_list":["post-7139","page","type-page","status-publish","hentry"],"yoast_head":"<!-- This site is optimized with the Yoast SEO plugin v27.4 - https:\/\/yoast.com\/product\/yoast-seo-wordpress\/ -->\n<title>Datenschutzerkl\u00e4rung &#8226; BAG Health Care<\/title>\n<meta name=\"robots\" content=\"index, follow, max-snippet:-1, max-image-preview:large, max-video-preview:-1\" \/>\n<link rel=\"canonical\" href=\"https:\/\/www.bag-healthcare.com\/de\/datenschutzerklaerung\/\" \/>\n<!-- \/ Yoast SEO plugin. -->","yoast_head_json":{"title":"Datenschutzerkl\u00e4rung &#8226; BAG Health Care","robots":{"index":"index","follow":"follow","max-snippet":"max-snippet:-1","max-image-preview":"max-image-preview:large","max-video-preview":"max-video-preview:-1"},"canonical":"https:\/\/www.bag-healthcare.com\/de\/datenschutzerklaerung\/","schema":{"@context":"https:\/\/schema.org","@graph":[{"@type":"WebPage","@id":"https:\/\/www.bag-healthcare.com\/de\/datenschutzerklaerung\/","url":"https:\/\/www.bag-healthcare.com\/de\/datenschutzerklaerung\/","name":"Datenschutzerkl\u00e4rung &#8226; BAG Health Care","isPartOf":{"@id":"https:\/\/www.bag-healthcare.com\/de\/#website"},"datePublished":"2025-06-27T17:15:30+00:00","dateModified":"2025-12-12T07:49:11+00:00","breadcrumb":{"@id":"https:\/\/www.bag-healthcare.com\/de\/datenschutzerklaerung\/#breadcrumb"},"inLanguage":"de","potentialAction":[{"@type":"ReadAction","target":["https:\/\/www.bag-healthcare.com\/de\/datenschutzerklaerung\/"]}]},{"@type":"BreadcrumbList","@id":"https:\/\/www.bag-healthcare.com\/de\/datenschutzerklaerung\/#breadcrumb","itemListElement":[{"@type":"ListItem","position":1,"name":"Startseite","item":"https:\/\/www.bag-healthcare.com\/de\/bag\/"},{"@type":"ListItem","position":2,"name":"Datenschutzerkl\u00e4rung"}]},{"@type":"WebSite","@id":"https:\/\/www.bag-healthcare.com\/de\/#website","url":"https:\/\/www.bag-healthcare.com\/de\/","name":"BAG Health Care","description":"","publisher":{"@id":"https:\/\/www.bag-healthcare.com\/de\/#organization"},"potentialAction":[{"@type":"SearchAction","target":{"@type":"EntryPoint","urlTemplate":"https:\/\/www.bag-healthcare.com\/de\/?s={search_term_string}"},"query-input":{"@type":"PropertyValueSpecification","valueRequired":true,"valueName":"search_term_string"}}],"inLanguage":"de"},{"@type":"Organization","@id":"https:\/\/www.bag-healthcare.com\/de\/#organization","name":"BAG Health Care","url":"https:\/\/www.bag-healthcare.com\/de\/","logo":{"@type":"ImageObject","inLanguage":"de","@id":"https:\/\/www.bag-healthcare.com\/de\/#\/schema\/logo\/image\/","url":"https:\/\/www.bag-healthcare.com\/wp-content\/uploads\/2025\/07\/BAG-Bubble.png","contentUrl":"https:\/\/www.bag-healthcare.com\/wp-content\/uploads\/2025\/07\/BAG-Bubble.png","width":263,"height":263,"caption":"BAG Health Care"},"image":{"@id":"https:\/\/www.bag-healthcare.com\/de\/#\/schema\/logo\/image\/"}}]}},"_links":{"self":[{"href":"https:\/\/www.bag-healthcare.com\/de\/wp-json\/wp\/v2\/pages\/7139","targetHints":{"allow":["GET"]}}],"collection":[{"href":"https:\/\/www.bag-healthcare.com\/de\/wp-json\/wp\/v2\/pages"}],"about":[{"href":"https:\/\/www.bag-healthcare.com\/de\/wp-json\/wp\/v2\/types\/page"}],"author":[{"embeddable":true,"href":"https:\/\/www.bag-healthcare.com\/de\/wp-json\/wp\/v2\/users\/1"}],"replies":[{"embeddable":true,"href":"https:\/\/www.bag-healthcare.com\/de\/wp-json\/wp\/v2\/comments?post=7139"}],"version-history":[{"count":4,"href":"https:\/\/www.bag-healthcare.com\/de\/wp-json\/wp\/v2\/pages\/7139\/revisions"}],"predecessor-version":[{"id":7381,"href":"https:\/\/www.bag-healthcare.com\/de\/wp-json\/wp\/v2\/pages\/7139\/revisions\/7381"}],"wp:attachment":[{"href":"https:\/\/www.bag-healthcare.com\/de\/wp-json\/wp\/v2\/media?parent=7139"}],"curies":[{"name":"wp","href":"https:\/\/api.w.org\/{rel}","templated":true}]}}